{"id":43848,"date":"2021-06-01T08:43:03","date_gmt":"2021-06-01T08:43:03","guid":{"rendered":"https:\/\/www.a-emotionallight.com\/?page_id=43848"},"modified":"2024-09-10T09:24:10","modified_gmt":"2024-09-10T09:24:10","slug":"empresa","status":"publish","type":"page","link":"https:\/\/www.a-emotionallight.com\/es\/empresa\/","title":{"rendered":"empresa"},"content":{"rendered":"<section class=\"wpb-content-wrapper\"><p>[vc_row row_type=\u00bbrow\u00bb use_row_as_full_screen_section=\u00bbno\u00bb type=\u00bbfull_width\u00bb text_align=\u00bbleft\u00bb background_animation=\u00bbnone\u00bb css_animation=\u00bb\u00bb css=\u00bb.vc_custom_1621575525960{padding-top: 5% !important;padding-bottom: 2% !important;background-color: #ffffff !important;}\u00bb][vc_column][vc_row_inner row_type=\u00bbrow\u00bb type=\u00bbfull_width\u00bb use_row_as_full_screen_section_slide=\u00bbno\u00bb text_align=\u00bbleft\u00bb css_animation=\u00bb\u00bb css=\u00bb.vc_custom_1621501441448{margin-top: 4% !important;margin-right: 4% !important;margin-left: 4% !important;}\u00bb][vc_column_inner width=\u00bb1\/2&#8243; css=\u00bb.vc_custom_1621524784022{padding-top: 3% !important;padding-right: 3% !important;padding-bottom: 3% !important;padding-left: 3% !important;}\u00bb][vc_column_text el_class=\u00bb.banda_texto_geo_050&#8243;]<\/p>\n<h2>Marca<\/h2>\n<p>[\/vc_column_text][vc_separator type=\u00bbtransparent\u00bb border_style=\u00bb\u00bb up=\u00bb20&#8243;][vc_column_text el_class=\u00bb.banda_texto_geo_075&#8243;]Comienzos y trayectoria[\/vc_column_text][vc_separator type=\u00bbtransparent\u00bb border_style=\u00bb\u00bb up=\u00bb20&#8243;][vc_column_text el_class=\u00bb.banda_texto_geo_050&#8243;]La firma nace en Galicia (noroeste de Espa\u00f1a) en 1994 con Arturo \u00c1lvarez como propietario y fundador. Durante 25 a\u00f1os lider\u00f3 el proyecto llevando a la marca a ser un referente en la iluminaci\u00f3n decorativa a nivel internacional con sus dise\u00f1os, presentes hoy d\u00eda en m\u00e1s de 80 pa\u00edses.[\/vc_column_text][vc_separator type=\u00bbtransparent\u00bb border_style=\u00bb\u00bb up=\u00bb20&#8243;][vc_column_text el_class=\u00bb.banda_texto_geo_050&#8243;]Motivado por la dedicaci\u00f3n en exclusiva a su faceta m\u00e1s art\u00edstica, en 2020 pasa el testigo a sus actuales propietarios Marcos Rioseco (CEO) y Miguel Mart\u00ednez (Director Comercial) para que contin\u00faen con su legado desde el bagaje que les proporciona su larga trayectoria en la empresa.<br \/>\nDe esta forma, consigue preservar el saber hacer artesano de una producci\u00f3n completamente manual para seguir creando dise\u00f1os \u00fanicos y emblem\u00e1ticos.[\/vc_column_text][\/vc_column_inner][vc_column_inner width=\u00bb1\/2&#8243;][\/vc_column_inner][\/vc_row_inner][\/vc_column][\/vc_row][vc_row row_type=\u00bbrow\u00bb use_row_as_full_screen_section=\u00bbno\u00bb type=\u00bbfull_width\u00bb text_align=\u00bbleft\u00bb background_animation=\u00bbnone\u00bb css_animation=\u00bb\u00bb css=\u00bb.vc_custom_1621686068830{margin-right: 4% !important;margin-left: 4% !important;}\u00bb][vc_column width=\u00bb1\/2&#8243; css=\u00bb.vc_custom_1624117989496{background-position: center !important;background-repeat: no-repeat !important;background-size: contain !important;}\u00bb][vc_single_image image=\u00bb45015&#8243; img_size=\u00bbfull\u00bb qode_css_animation=\u00bb\u00bb][\/vc_column][vc_column width=\u00bb1\/2&#8243;][vc_row_inner row_type=\u00bbrow\u00bb type=\u00bbfull_width\u00bb use_row_as_full_screen_section_slide=\u00bbno\u00bb text_align=\u00bbleft\u00bb css_animation=\u00bb\u00bb css=\u00bb.vc_custom_1621501441448{margin-top: 4% !important;margin-right: 4% !important;margin-left: 4% !important;}\u00bb][vc_column_inner width=\u00bb2\/3&#8243; css=\u00bb.vc_custom_1621524784022{padding-top: 3% !important;padding-right: 3% !important;padding-bottom: 3% !important;padding-left: 3% !important;}\u00bb][vc_column_text el_class=\u00bb.banda_texto_geo_050&#8243;]<\/p>\n<h2>evo-lution<\/h2>\n<p>[\/vc_column_text][vc_separator type=\u00bbtransparent\u00bb border_style=\u00bb\u00bb up=\u00bb20&#8243;][vc_column_text el_class=\u00bb.banda_texto_geo_075&#8243;]Presente y futuro[\/vc_column_text][vc_separator type=\u00bbtransparent\u00bb border_style=\u00bb\u00bb up=\u00bb20&#8243;][vc_column_text el_class=\u00bb.banda_texto_geo_050&#8243;]Bajo el lema evo-lution emprendemos esta nueva etapa en la que se ampl\u00eda el equipo creativo dando cabida a diferentes dise\u00f1adores con muy distintas sensibilidades en un espacio de cocreaci\u00f3n en el que se mantienen inmutables los dos pilares de la empresa: producci\u00f3n artesanal y \u201c<a title=\"emotional light\" href=\"https:\/\/www.a-emotionallight.com\/es\/emotional-light\/\" target=\"_blank\" rel=\"noopener\">luz emocional \u00abemotional light\u00bb<\/a>\u201d.[\/vc_column_text][vc_separator type=\u00bbtransparent\u00bb border_style=\u00bb\u00bb up=\u00bb20&#8243;][vc_column_text el_class=\u00bb.banda_texto_geo_050&#8243;]Conocidos hasta ahora como <strong>a by arturo alvarez<\/strong> esta nueva andadura da paso a una nueva denominaci\u00f3n de la marca en la que, lo que siempre fue nuestro slogan y filosof\u00eda, pasa a ser ahora el nombre de la empresa: <strong><a href=\"https:\/\/www.instagram.com\/a.emotionallight\/\" target=\"_blank\" rel=\"noopener\">a.emotional light<\/a><\/strong>[\/vc_column_text][vc_separator type=\u00bbtransparent\u00bb border_style=\u00bb\u00bb up=\u00bb20&#8243;][\/vc_column_inner][vc_column_inner width=\u00bb1\/3&#8243;][\/vc_column_inner][\/vc_row_inner][\/vc_column][\/vc_row][vc_row row_type=\u00bbrow\u00bb use_row_as_full_screen_section=\u00bbyes\u00bb type=\u00bbfull_width\u00bb text_align=\u00bbleft\u00bb background_animation=\u00bbnone\u00bb css_animation=\u00bb\u00bb][vc_column css=\u00bb.vc_custom_1621675590948{padding: 5% !important;}\u00bb][vc_single_image image=\u00bb45039&#8243; img_size=\u00bbfull\u00bb qode_css_animation=\u00bb\u00bb][\/vc_column][\/vc_row][vc_row row_type=\u00bbrow\u00bb use_row_as_full_screen_section=\u00bbyes\u00bb type=\u00bbfull_width\u00bb text_align=\u00bbleft\u00bb background_animation=\u00bbnone\u00bb css_animation=\u00bb\u00bb css=\u00bb.vc_custom_1624120552654{margin-right: 4% !important;margin-left: 4% !important;}\u00bb][vc_column width=\u00bb1\/2&#8243; css=\u00bb.vc_custom_1624122036312{padding-top: 8% !important;padding-right: 8% !important;padding-bottom: 8% !important;padding-left: 8% !important;background-position: center !important;background-repeat: no-repeat !important;background-size: cover !important;}\u00bb][vc_column_text el_class=\u00bb.banda_texto_geo_050&#8243;]<\/p>\n<h2><span style=\"color: #000000;\">Es necesario<\/span><br \/>\n<span style=\"color: #000000;\">que todo <\/span><br \/>\n<span style=\"color: #000000;\">cambie para <\/span><br \/>\n<span style=\"color: #000000;\">que todo<\/span><br \/>\n<span style=\"color: #000000;\"> siga igual.<\/span><\/h2>\n<p>[\/vc_column_text][vc_separator type=\u00bbtransparent\u00bb border_style=\u00bb\u00bb up=\u00bb20&#8243;][vc_column_text el_class=\u00bb.banda_texto_geo_075&#8243;]<a href=\"https:\/\/es.wikipedia.org\/wiki\/Giuseppe_Tomasi_di_Lampedusa\" target=\"_blank\" rel=\"noopener\">Lampedusa<\/a>[\/vc_column_text][\/vc_column][vc_column width=\u00bb1\/2&#8243; css=\u00bb.vc_custom_1624118061934{background-position: center !important;background-repeat: no-repeat !important;background-size: contain !important;}\u00bb][vc_single_image image=\u00bb45192&#8243; img_size=\u00bbfull\u00bb qode_css_animation=\u00bb\u00bb][\/vc_column][\/vc_row][vc_row row_type=\u00bbrow\u00bb use_row_as_full_screen_section=\u00bbno\u00bb type=\u00bbfull_width\u00bb text_align=\u00bbleft\u00bb background_animation=\u00bbnone\u00bb css_animation=\u00bb\u00bb css=\u00bb.vc_custom_1624120031342{margin-top: 5% !important;margin-right: 4% !important;margin-bottom: 1% !important;margin-left: 4% !important;}\u00bb][vc_column width=\u00bb1\/3&#8243; css=\u00bb.vc_custom_1624119589085{background-position: center !important;background-repeat: no-repeat !important;background-size: cover !important;}\u00bb][vc_single_image image=\u00bb45035&#8243; img_size=\u00bbfull\u00bb qode_css_animation=\u00bb\u00bb][\/vc_column][vc_column width=\u00bb2\/3&#8243; css=\u00bb.vc_custom_1621684937459{padding: 5% !important;}\u00bb][vc_row_inner rtl_reverse=\u00bbyes\u00bb row_type=\u00bbrow\u00bb type=\u00bbfull_width\u00bb use_row_as_full_screen_section_slide=\u00bbno\u00bb text_align=\u00bbleft\u00bb css_animation=\u00bb\u00bb][vc_column_inner width=\u00bb2\/3&#8243; css=\u00bb.vc_custom_1621684838440{padding: 5% !important;}\u00bb][vc_column_text el_class=\u00bb.banda_texto_geo_075&#8243;]<\/p>\n<h2>Maestr\u00eda artesanal y \u201c<a title=\"emotional light\" href=\"https:\/\/www.a-emotionallight.com\/es\/emotional-light\/\">Luz Emocional<\/a>\u201d van a seguir siendo, sin duda, nuestros grandes pilares.<\/h2>\n<p>[\/vc_column_text][vc_separator type=\u00bbtransparent\u00bb border_style=\u00bb\u00bb][vc_column_text el_class=\u00bb.banda_texto_geo_050&#8243;]<\/p>\n<h5>Marcos Rioseco<\/h5>\n<h6><span style=\"color: #999999;\">CEO<\/span><\/h6>\n<p>[\/vc_column_text][\/vc_column_inner][vc_column_inner width=\u00bb1\/6&#8243; css=\u00bb.vc_custom_1621685248862{padding-top: 10% !important;padding-right: 3% !important;padding-bottom: 3% !important;padding-left: 3% !important;}\u00bb][vc_separator type=\u00bbtransparent\u00bb border_style=\u00bb\u00bb][vc_separator type=\u00bbtransparent\u00bb border_style=\u00bb\u00bb]<span class=\"q_font_awsome_icon q_icon_shortcode normal q_font_awsome_icon_holder fa-5x  q_icon_animation\" style=\"color: #b5b5b5; \"><i class=\"fa fa-quote-right\"><\/i><\/span>[\/vc_column_inner][vc_column_inner width=\u00bb1\/6&#8243; css=\u00bb.vc_custom_1621684853697{margin-right: 5% !important;padding-top: 5% !important;padding-right: 5% !important;padding-bottom: 5% !important;padding-left: 5% !important;}\u00bb][\/vc_column_inner][\/vc_row_inner][vc_row_inner row_type=\u00bbrow\u00bb type=\u00bbfull_width\u00bb use_row_as_full_screen_section_slide=\u00bbno\u00bb text_align=\u00bbleft\u00bb css_animation=\u00bb\u00bb][vc_column_inner width=\u00bb5\/6&#8243; css=\u00bb.vc_custom_1621684736079{padding-top: 5% !important;padding-right: 5% !important;padding-bottom: 5% !important;padding-left: 5% !important;}\u00bb][vc_column_text el_class=\u00bb.banda_texto_geo_050&#8243;]En esta nueva etapa queremos pasar a ser un espacio de referencia en el que los dise\u00f1adores se sientan libres de crear teniendo a su disposici\u00f3n la capacidad de desarrollo de producto que permite una producci\u00f3n \u00edntegramente hecha a mano como la nuestra. Que se puedan nutrir de nuestro saber hacer artesano y nutrirnos nosotros de sus diferentes maneras de entender el dise\u00f1o.[\/vc_column_text][vc_separator type=\u00bbtransparent\u00bb border_style=\u00bb\u00bb up=\u00bb20&#8243;][vc_column_text el_class=\u00bb.banda_texto_geo_050&#8243;]Nos gustar\u00eda seguir haciendo \u201csentir\u201d al p\u00fablico, emocionarlo con nuestros dise\u00f1os y que experimenten por ellos mismos la magia que genera cada una de nuestras luminarias, ya se trate de un espacio privado o p\u00fablico. Estos pilares van a seguir siempre presentes en esta casa honrando el gran tesoro que se nos ha confiado.[\/vc_column_text][\/vc_column_inner][vc_column_inner width=\u00bb1\/6&#8243;][\/vc_column_inner][\/vc_row_inner][\/vc_column][\/vc_row][vc_row rtl_reverse=\u00bbyes\u00bb row_type=\u00bbrow\u00bb use_row_as_full_screen_section=\u00bbno\u00bb type=\u00bbfull_width\u00bb text_align=\u00bbleft\u00bb background_animation=\u00bbnone\u00bb css_animation=\u00bb\u00bb css=\u00bb.vc_custom_1624120039857{margin-right: 4% !important;margin-left: 4% !important;}\u00bb][vc_column width=\u00bb2\/3&#8243; css=\u00bb.vc_custom_1621684369053{padding: 5% !important;}\u00bb][vc_row_inner row_type=\u00bbrow\u00bb type=\u00bbfull_width\u00bb use_row_as_full_screen_section_slide=\u00bbno\u00bb text_align=\u00bbleft\u00bb css_animation=\u00bb\u00bb css=\u00bb.vc_custom_1621685063317{padding-top: 5% !important;}\u00bb][vc_column_inner width=\u00bb1\/6&#8243; css=\u00bb.vc_custom_1621683900593{margin-left: 5% !important;padding-top: 5% !important;padding-right: 5% !important;padding-bottom: 5% !important;padding-left: 5% !important;}\u00bb][\/vc_column_inner][vc_column_inner width=\u00bb1\/6&#8243; css=\u00bb.vc_custom_1621685260556{padding-top: 10% !important;padding-right: 3% !important;padding-bottom: 3% !important;padding-left: 3% !important;}\u00bb][vc_separator type=\u00bbtransparent\u00bb border_style=\u00bb\u00bb][vc_separator type=\u00bbtransparent\u00bb border_style=\u00bb\u00bb]<span class=\"q_font_awsome_icon q_icon_shortcode normal q_font_awsome_icon_holder fa-5x  q_icon_animation\" style=\"color: #b5b5b5; \"><i class=\"fa fa-quote-right\"><\/i><\/span>[\/vc_column_inner][vc_column_inner width=\u00bb2\/3&#8243; css=\u00bb.vc_custom_1621684131169{padding: 5% !important;}\u00bb][vc_column_text el_class=\u00bb.banda_texto_geo_075&#8243;]<\/p>\n<h2>Queremos ser un marco para nuestros dise\u00f1adores y clientes en el que crecer y cocrear juntos.<\/h2>\n<p>[\/vc_column_text][vc_separator type=\u00bbtransparent\u00bb border_style=\u00bb\u00bb][vc_column_text el_class=\u00bb.banda_texto_geo_050&#8243;]<\/p>\n<h5>Miguel Mart\u00ednez<\/h5>\n<h6><span style=\"color: #999999;\">DIRECTOR COMERCIAL<\/span><\/h6>\n<p>[\/vc_column_text][\/vc_column_inner][\/vc_row_inner][vc_row_inner row_type=\u00bbrow\u00bb type=\u00bbfull_width\u00bb use_row_as_full_screen_section_slide=\u00bbno\u00bb text_align=\u00bbleft\u00bb css_animation=\u00bb\u00bb][vc_column_inner width=\u00bb1\/6&#8243; css=\u00bb.vc_custom_1621683233042{padding: 5% !important;}\u00bb][\/vc_column_inner][vc_column_inner width=\u00bb5\/6&#8243; css=\u00bb.vc_custom_1621684747594{padding: 5% !important;}\u00bb][vc_column_text el_class=\u00bb.banda_texto_geo_050&#8243;]Nuestro mayor activo son las personas. Sin ellas y sin su gran implicaci\u00f3n en cada paso que damos, en cada nuevo dise\u00f1o, en cada proyecto que acometemos, nada de esto ser\u00eda posible. Ver llegar a nuestro staff y colaboradores cada d\u00eda motivados y con una sonrisa es la gasolina que mueve todo este gran engranaje. Lo que nos nutre de ilusi\u00f3n.[\/vc_column_text][vc_separator type=\u00bbtransparent\u00bb border_style=\u00bb\u00bb up=\u00bb20&#8243;][vc_column_text el_class=\u00bb.banda_texto_geo_050&#8243;]Conocemos bien la empresa. La hemos visto crecer y evolucionar durante a\u00f1os. Ahora, desde la humildad y con el respeto que siempre hemos tenido al legado que se nos ha transmitido, nos gustar\u00eda llevarla a su m\u00e1xima expresi\u00f3n. No solo a nivel de producto, tambi\u00e9n a nivel de personas. Queremos que \u00e9sta sea la casa con la que se sientan identificados nuestros dise\u00f1adores y nuestros clientes, ser un marco en el que crecer y cocrear en equipo, que tengan acceso al potencial brutal que brinda nuestro sistema de producci\u00f3n artesanal para hacer realidad sus mejores dise\u00f1os y proyectos.[\/vc_column_text][\/vc_column_inner][\/vc_row_inner][\/vc_column][vc_column width=\u00bb1\/3&#8243; css=\u00bb.vc_custom_1624118603082{background-position: center !important;background-repeat: no-repeat !important;background-size: cover !important;}\u00bb][vc_single_image image=\u00bb45037&#8243; img_size=\u00bbfull\u00bb qode_css_animation=\u00bb\u00bb][\/vc_column][\/vc_row]<\/p>\n<\/section>","protected":false},"excerpt":{"rendered":"<p>[vc_row row_type=\u00bbrow\u00bb use_row_as_full_screen_section=\u00bbno\u00bb type=\u00bbfull_width\u00bb text_align=\u00bbleft\u00bb background_animation=\u00bbnone\u00bb css_animation=\u00bb\u00bb css=\u00bb.vc_custom_1621575525960{padding-top: 5% !important;padding-bottom: 2% !important;background-color: #ffffff !important;}\u00bb][vc_column][vc_row_inner row_type=\u00bbrow\u00bb type=\u00bbfull_width\u00bb use_row_as_full_screen_section_slide=\u00bbno\u00bb text_align=\u00bbleft\u00bb css_animation=\u00bb\u00bb css=\u00bb.vc_custom_1621501441448{margin-top: 4% !important;margin-right: 4% !important;margin-left: 4% !important;}\u00bb][vc_column_inner width=\u00bb1\/2&#8243; css=\u00bb.vc_custom_1621524784022{padding-top: 3% !important;padding-right: 3% !important;padding-bottom: 3% !important;padding-left: 3% !important;}\u00bb][vc_column_text el_class=\u00bb.banda_texto_geo_050&#8243;] Marca [\/vc_column_text][vc_separator type=\u00bbtransparent\u00bb border_style=\u00bb\u00bb up=\u00bb20&#8243;][vc_column_text el_class=\u00bb.banda_texto_geo_075&#8243;]Comienzos y trayectoria[\/vc_column_text][vc_separator type=\u00bbtransparent\u00bb border_style=\u00bb\u00bb up=\u00bb20&#8243;][vc_column_text el_class=\u00bb.banda_texto_geo_050&#8243;]La firma nace en Galicia (noroeste de Espa\u00f1a) en 1994 con Arturo \u00c1lvarez como propietario y fundador. Durante 25 a\u00f1os lider\u00f3 el proyecto llevando a la marca a ser un referente en la iluminaci\u00f3n decorativa a nivel internacional con sus dise\u00f1os, presentes hoy d\u00eda en m\u00e1s de 80 pa\u00edses.[\/vc_column_text][vc_separator type=\u00bbtransparent\u00bb border_style=\u00bb\u00bb up=\u00bb20&#8243;][vc_column_text&#8230;<\/p>\n","protected":false},"author":2,"featured_media":0,"parent":0,"menu_order":0,"comment_status":"closed","ping_status":"closed","template":"full_width.php","meta":{"inline_featured_image":false,"footnotes":""},"aioseo_notices":[],"_links":{"self":[{"href":"https:\/\/www.a-emotionallight.com\/es\/wp-json\/wp\/v2\/pages\/43848"}],"collection":[{"href":"https:\/\/www.a-emotionallight.com\/es\/wp-json\/wp\/v2\/pages"}],"about":[{"href":"https:\/\/www.a-emotionallight.com\/es\/wp-json\/wp\/v2\/types\/page"}],"author":[{"embeddable":true,"href":"https:\/\/www.a-emotionallight.com\/es\/wp-json\/wp\/v2\/users\/2"}],"replies":[{"embeddable":true,"href":"https:\/\/www.a-emotionallight.com\/es\/wp-json\/wp\/v2\/comments?post=43848"}],"version-history":[{"count":16,"href":"https:\/\/www.a-emotionallight.com\/es\/wp-json\/wp\/v2\/pages\/43848\/revisions"}],"predecessor-version":[{"id":57572,"href":"https:\/\/www.a-emotionallight.com\/es\/wp-json\/wp\/v2\/pages\/43848\/revisions\/57572"}],"wp:attachment":[{"href":"https:\/\/www.a-emotionallight.com\/es\/wp-json\/wp\/v2\/media?parent=43848"}],"curies":[{"name":"wp","href":"https:\/\/api.w.org\/{rel}","templated":true}]}}