{"id":44113,"date":"2021-05-31T08:33:05","date_gmt":"2021-05-31T08:33:05","guid":{"rendered":"https:\/\/www.a-emotionallight.com\/?page_id=44113"},"modified":"2025-07-23T02:36:01","modified_gmt":"2025-07-23T02:36:01","slug":"novedades","status":"publish","type":"page","link":"https:\/\/www.a-emotionallight.com\/es\/novedades\/","title":{"rendered":"novedades"},"content":{"rendered":"<section class=\"wpb-content-wrapper\"><p>[vc_row row_type=\u00bbrow\u00bb use_row_as_full_screen_section=\u00bbno\u00bb type=\u00bbfull_width\u00bb text_align=\u00bbleft\u00bb background_animation=\u00bbnone\u00bb css_animation=\u00bb\u00bb el_id=\u00bbisotope_search_projects\u00bb css=\u00bb.vc_custom_1624175523058{padding-top: 70px !important;}\u00bb][vc_column el_class=\u00bbportfolio_lamps_search\u00bb]<div class='projects_masonry_holder appear_from_bottom masonry_extended qode-filter-position-top' data-parallax_item_speed='0.3' data-parallax_item_offset=''>\n    <article class=\"portfolio_masonry_item portfolio_category_229 portfolio_category_25 portfolio_category_27 default\">\n    <div class='image_holder overlapping_title_hover'>\n        \n<span class='image'><img loading=\"lazy\" decoding=\"async\" width=\"500\" height=\"500\" src=\"https:\/\/www.a-emotionallight.com\/wp-content\/uploads\/2025\/04\/Baleira-2-500x500.jpg\" class=\"attachment-portfolio_masonry_regular size-portfolio_masonry_regular wp-post-image\" alt=\"\" srcset=\"https:\/\/www.a-emotionallight.com\/wp-content\/uploads\/2025\/04\/Baleira-2-500x500.jpg 500w, https:\/\/www.a-emotionallight.com\/wp-content\/uploads\/2025\/04\/Baleira-2-550x550.jpg 550w, https:\/\/www.a-emotionallight.com\/wp-content\/uploads\/2025\/04\/Baleira-2-300x300.jpg 300w, https:\/\/www.a-emotionallight.com\/wp-content\/uploads\/2025\/04\/Baleira-2.jpg 610w\" sizes=\"(max-width: 500px) 100vw, 500px\" \/><\/span>\n\n    <a class='portfolio_link_class' href='https:\/\/www.a-emotionallight.com\/es\/portfolio_page\/baleira-bi04\/' target='_self'><\/a>\n        <div class=\"text_holder\">\n\t<h4 class=\"portfolio_title\" > Baleira BI04<\/h4><span class=\"excerpt search_hidden\">\n\tA partir de la idea de lucerna y textura, nuestro equipo interno ha desarrollado esta propuesta de plaf\u00f3n y suspensi\u00f3n. La distribuci\u00f3n circular de la luz hace que Anel ofrezca una eficiencia lum\u00ednica adecuada para esta tipolog\u00eda de producto, mientras que el montaje sobre superficie facilitan su instalaci\u00f3n. Los dos cilindros de malla de acero que rodean la fuente de luz conforman un juego de planos, l\u00edneas diagonales texturas y formas conc\u00e9ntricas que hacen de Anel una pieza con est\u00e9tica propia y elegancia.<\/span>\n\n\t\t\n<\/div>\n    <\/div>\n<\/article>\n<article class=\"portfolio_masonry_item portfolio_category_35 portfolio_category_233 portfolio_category_27 default\">\n    <div class='image_holder overlapping_title_hover'>\n        \n<span class='image'><img loading=\"lazy\" decoding=\"async\" width=\"500\" height=\"500\" src=\"https:\/\/www.a-emotionallight.com\/wp-content\/uploads\/2025\/04\/UmbraLine-500x500.jpg\" class=\"attachment-portfolio_masonry_regular size-portfolio_masonry_regular wp-post-image\" alt=\"\" srcset=\"https:\/\/www.a-emotionallight.com\/wp-content\/uploads\/2025\/04\/UmbraLine-500x500.jpg 500w, https:\/\/www.a-emotionallight.com\/wp-content\/uploads\/2025\/04\/UmbraLine-550x550.jpg 550w, https:\/\/www.a-emotionallight.com\/wp-content\/uploads\/2025\/04\/UmbraLine-300x300.jpg 300w, https:\/\/www.a-emotionallight.com\/wp-content\/uploads\/2025\/04\/UmbraLine.jpg 610w\" sizes=\"(max-width: 500px) 100vw, 500px\" \/><\/span>\n\n    <a class='portfolio_link_class' href='https:\/\/www.a-emotionallight.com\/es\/portfolio_page\/umbra-uli06\/' target='_self'><\/a>\n        <div class=\"text_holder\">\n\t<h4 class=\"portfolio_title\" > Umbra ULI06<\/h4><span class=\"excerpt search_hidden\">\n\tLa piedra y la luz, dos elementos antag\u00f3nicos que Parga une en la b\u00fasqueda de una imagen casi de ficci\u00f3n. La energ\u00eda contenida en el interior de un mineral busca liberarse y salir en forma de un intenso rayo de luz directa. Parga es una colecci\u00f3n que recupera la aplicaci\u00f3n del granito para objetos funcionales y decorativos en espacios interiores, aprovechando la neutralidad crom\u00e1tica y su textura natural. Un conjunto formado por tres piezas de diferentes di\u00e1metros y alturas que emplean un lenguaje formal que remite a la talla l\u00edtica m\u00e1s primigenia y rudimentaria. El material empleado es granito que se extrae de canteras gallegas y proviene del aprovechamiento de descartes contribuyendo a la sostenibilidad desde la materia. El granito que forma Parga es compacto, de tono gris\u00e1ceo claro y uniforme con motas de negro y grano fino.<\/span>\n\n\t\t\n<\/div>\n    <\/div>\n<\/article>\n<article class=\"portfolio_masonry_item portfolio_category_237 portfolio_category_25 portfolio_category_27 default\">\n    <div class='image_holder overlapping_title_hover'>\n        \n<span class='image'><img loading=\"lazy\" decoding=\"async\" width=\"500\" height=\"500\" src=\"https:\/\/www.a-emotionallight.com\/wp-content\/uploads\/2025\/04\/BretemaA-500x500.jpg\" class=\"attachment-portfolio_masonry_regular size-portfolio_masonry_regular wp-post-image\" alt=\"\" srcset=\"https:\/\/www.a-emotionallight.com\/wp-content\/uploads\/2025\/04\/BretemaA-500x500.jpg 500w, https:\/\/www.a-emotionallight.com\/wp-content\/uploads\/2025\/04\/BretemaA-550x550.jpg 550w, https:\/\/www.a-emotionallight.com\/wp-content\/uploads\/2025\/04\/BretemaA-300x300.jpg 300w, https:\/\/www.a-emotionallight.com\/wp-content\/uploads\/2025\/04\/BretemaA.jpg 610w\" sizes=\"(max-width: 500px) 100vw, 500px\" \/><\/span>\n\n    <a class='portfolio_link_class' href='https:\/\/www.a-emotionallight.com\/es\/portfolio_page\/bretema-br04\/' target='_self'><\/a>\n        <div class=\"text_holder\">\n\t<h4 class=\"portfolio_title\" > Br\u00e9tema<\/h4><span class=\"excerpt search_hidden\">\n\tLa piedra y la luz, dos elementos antag\u00f3nicos que Parga une en la b\u00fasqueda de una imagen casi de ficci\u00f3n. La energ\u00eda contenida en el interior de un mineral busca liberarse y salir en forma de un intenso rayo de luz directa. Parga es una colecci\u00f3n que recupera la aplicaci\u00f3n del granito para objetos funcionales y decorativos en espacios interiores, aprovechando la neutralidad crom\u00e1tica y su textura natural. Un conjunto formado por tres piezas de diferentes di\u00e1metros y alturas que emplean un lenguaje formal que remite a la talla l\u00edtica m\u00e1s primigenia y rudimentaria. El material empleado es granito que se extrae de canteras gallegas y proviene del aprovechamiento de descartes contribuyendo a la sostenibilidad desde la materia. El granito que forma Parga es compacto, de tono gris\u00e1ceo claro y uniforme con motas de negro y grano fino.<\/span>\n\n\t\t\n<\/div>\n    <\/div>\n<\/article>\n<article class=\"portfolio_masonry_item portfolio_category_202 portfolio_category_124 portfolio_category_26 portfolio_category_33 portfolio_category_27 default\">\n    <div class='image_holder overlapping_title_hover'>\n        \n<span class='image'><img loading=\"lazy\" decoding=\"async\" width=\"500\" height=\"500\" src=\"https:\/\/www.a-emotionallight.com\/wp-content\/uploads\/2025\/04\/AG01-SQ-ON-500x500.jpg\" class=\"attachment-portfolio_masonry_regular size-portfolio_masonry_regular wp-post-image\" alt=\"\" srcset=\"https:\/\/www.a-emotionallight.com\/wp-content\/uploads\/2025\/04\/AG01-SQ-ON-500x500.jpg 500w, https:\/\/www.a-emotionallight.com\/wp-content\/uploads\/2025\/04\/AG01-SQ-ON-1024x1024.jpg 1024w, https:\/\/www.a-emotionallight.com\/wp-content\/uploads\/2025\/04\/AG01-SQ-ON-640x640.jpg 640w, https:\/\/www.a-emotionallight.com\/wp-content\/uploads\/2025\/04\/AG01-SQ-ON-1536x1536.jpg 1536w, https:\/\/www.a-emotionallight.com\/wp-content\/uploads\/2025\/04\/AG01-SQ-ON-2048x2048.jpg 2048w, https:\/\/www.a-emotionallight.com\/wp-content\/uploads\/2025\/04\/AG01-SQ-ON-550x550.jpg 550w, https:\/\/www.a-emotionallight.com\/wp-content\/uploads\/2025\/04\/AG01-SQ-ON-1000x1000.jpg 1000w, https:\/\/www.a-emotionallight.com\/wp-content\/uploads\/2025\/04\/AG01-SQ-ON-700x700.jpg 700w, https:\/\/www.a-emotionallight.com\/wp-content\/uploads\/2025\/04\/AG01-SQ-ON-1100x1100.jpg 1100w, https:\/\/www.a-emotionallight.com\/wp-content\/uploads\/2025\/04\/AG01-SQ-ON-300x300.jpg 300w\" sizes=\"(max-width: 500px) 100vw, 500px\" \/><\/span>\n\n    <a class='portfolio_link_class' href='https:\/\/www.a-emotionallight.com\/es\/portfolio_page\/agasallo-ag01\/' target='_self'><\/a>\n        <div class=\"text_holder\">\n\t<h4 class=\"portfolio_title\" > Agasallo AG01<\/h4><span class=\"excerpt search_hidden\">\n\tAgasallo, which means \u201cgift\u201d in Galician, is H\u00e9ctor Serrano\u2019s new collection. Its shapes and its hand painted generate unique light effects that are projected into the space creating a unique atmosphere. Available in four pendant sizes that can be combined at different heights creating multiple compositions. Agasallo 3, with a diameter of 30cm, is one of the most voluminous pendant lamps in the collection. Its shapes and hand-painted in Spain generate unique light effects that are projected in space.<\/span>\n\n\t\t\n<\/div>\n    <\/div>\n<\/article>\n<article class=\"portfolio_masonry_item portfolio_category_202 portfolio_category_124 portfolio_category_26 portfolio_category_33 portfolio_category_27 default\">\n    <div class='image_holder overlapping_title_hover'>\n        \n<span class='image'><img loading=\"lazy\" decoding=\"async\" width=\"500\" height=\"500\" src=\"https:\/\/www.a-emotionallight.com\/wp-content\/uploads\/2025\/04\/AG02-SQ-ONN-500x500.jpg\" class=\"attachment-portfolio_masonry_regular size-portfolio_masonry_regular wp-post-image\" alt=\"\" srcset=\"https:\/\/www.a-emotionallight.com\/wp-content\/uploads\/2025\/04\/AG02-SQ-ONN-500x500.jpg 500w, https:\/\/www.a-emotionallight.com\/wp-content\/uploads\/2025\/04\/AG02-SQ-ONN-1024x1024.jpg 1024w, https:\/\/www.a-emotionallight.com\/wp-content\/uploads\/2025\/04\/AG02-SQ-ONN-640x640.jpg 640w, https:\/\/www.a-emotionallight.com\/wp-content\/uploads\/2025\/04\/AG02-SQ-ONN-550x550.jpg 550w, https:\/\/www.a-emotionallight.com\/wp-content\/uploads\/2025\/04\/AG02-SQ-ONN-1000x1000.jpg 1000w, https:\/\/www.a-emotionallight.com\/wp-content\/uploads\/2025\/04\/AG02-SQ-ONN-700x700.jpg 700w, https:\/\/www.a-emotionallight.com\/wp-content\/uploads\/2025\/04\/AG02-SQ-ONN-300x300.jpg 300w, https:\/\/www.a-emotionallight.com\/wp-content\/uploads\/2025\/04\/AG02-SQ-ONN.jpg 1080w\" sizes=\"(max-width: 500px) 100vw, 500px\" \/><\/span>\n\n    <a class='portfolio_link_class' href='https:\/\/www.a-emotionallight.com\/es\/portfolio_page\/agasallo-ag02\/' target='_self'><\/a>\n        <div class=\"text_holder\">\n\t<h4 class=\"portfolio_title\" > Agasallo AG02<\/h4><span class=\"excerpt search_hidden\">\n\tAgasallo, which means \u201cgift\u201d in Galician, is H\u00e9ctor Serrano\u2019s new collection. Its shapes and its hand painted generate unique light effects that are projected into the space creating a unique atmosphere. Available in four pendant sizes that can be combined at different heights creating multiple compositions. Agasallo 3, with a diameter of 30cm, is one of the most voluminous pendant lamps in the collection. Its shapes and hand-painted in Spain generate unique light effects that are projected in space.<\/span>\n\n\t\t\n<\/div>\n    <\/div>\n<\/article>\n<article class=\"portfolio_masonry_item portfolio_category_202 portfolio_category_124 portfolio_category_26 portfolio_category_33 portfolio_category_27 default\">\n    <div class='image_holder overlapping_title_hover'>\n        \n<span class='image'><img loading=\"lazy\" decoding=\"async\" width=\"500\" height=\"500\" src=\"https:\/\/www.a-emotionallight.com\/wp-content\/uploads\/2025\/04\/AG02G-SQ-ONN-500x500.jpg\" class=\"attachment-portfolio_masonry_regular size-portfolio_masonry_regular wp-post-image\" alt=\"\" srcset=\"https:\/\/www.a-emotionallight.com\/wp-content\/uploads\/2025\/04\/AG02G-SQ-ONN-500x500.jpg 500w, https:\/\/www.a-emotionallight.com\/wp-content\/uploads\/2025\/04\/AG02G-SQ-ONN-1024x1024.jpg 1024w, https:\/\/www.a-emotionallight.com\/wp-content\/uploads\/2025\/04\/AG02G-SQ-ONN-640x640.jpg 640w, https:\/\/www.a-emotionallight.com\/wp-content\/uploads\/2025\/04\/AG02G-SQ-ONN-550x550.jpg 550w, https:\/\/www.a-emotionallight.com\/wp-content\/uploads\/2025\/04\/AG02G-SQ-ONN-1000x1000.jpg 1000w, https:\/\/www.a-emotionallight.com\/wp-content\/uploads\/2025\/04\/AG02G-SQ-ONN-700x700.jpg 700w, https:\/\/www.a-emotionallight.com\/wp-content\/uploads\/2025\/04\/AG02G-SQ-ONN-300x300.jpg 300w, https:\/\/www.a-emotionallight.com\/wp-content\/uploads\/2025\/04\/AG02G-SQ-ONN.jpg 1080w\" sizes=\"(max-width: 500px) 100vw, 500px\" \/><\/span>\n\n    <a class='portfolio_link_class' href='https:\/\/www.a-emotionallight.com\/es\/portfolio_page\/agasallo-ag02g\/' target='_self'><\/a>\n        <div class=\"text_holder\">\n\t<h4 class=\"portfolio_title\" > Agasallo AG02G<\/h4><span class=\"excerpt search_hidden\">\n\tAgasallo, which means \u201cgift\u201d in Galician, is H\u00e9ctor Serrano\u2019s new collection. Its shapes and its hand painted generate unique light effects that are projected into the space creating a unique atmosphere. Available in four pendant sizes that can be combined at different heights creating multiple compositions. Agasallo 3, with a diameter of 30cm, is one of the most voluminous pendant lamps in the collection. Its shapes and hand-painted in Spain generate unique light effects that are projected in space.<\/span>\n\n\t\t\n<\/div>\n    <\/div>\n<\/article>\n<article class=\"portfolio_masonry_item portfolio_category_202 portfolio_category_124 portfolio_category_26 portfolio_category_33 portfolio_category_27 default\">\n    <div class='image_holder overlapping_title_hover'>\n        \n<span class='image'><img loading=\"lazy\" decoding=\"async\" width=\"500\" height=\"500\" src=\"https:\/\/www.a-emotionallight.com\/wp-content\/uploads\/2025\/04\/AG03-SQ-ONN-500x500.jpg\" class=\"attachment-portfolio_masonry_regular size-portfolio_masonry_regular wp-post-image\" alt=\"\" srcset=\"https:\/\/www.a-emotionallight.com\/wp-content\/uploads\/2025\/04\/AG03-SQ-ONN-500x500.jpg 500w, https:\/\/www.a-emotionallight.com\/wp-content\/uploads\/2025\/04\/AG03-SQ-ONN-1024x1024.jpg 1024w, https:\/\/www.a-emotionallight.com\/wp-content\/uploads\/2025\/04\/AG03-SQ-ONN-640x640.jpg 640w, https:\/\/www.a-emotionallight.com\/wp-content\/uploads\/2025\/04\/AG03-SQ-ONN-1536x1536.jpg 1536w, https:\/\/www.a-emotionallight.com\/wp-content\/uploads\/2025\/04\/AG03-SQ-ONN-2048x2048.jpg 2048w, https:\/\/www.a-emotionallight.com\/wp-content\/uploads\/2025\/04\/AG03-SQ-ONN-550x550.jpg 550w, https:\/\/www.a-emotionallight.com\/wp-content\/uploads\/2025\/04\/AG03-SQ-ONN-1000x1000.jpg 1000w, https:\/\/www.a-emotionallight.com\/wp-content\/uploads\/2025\/04\/AG03-SQ-ONN-700x700.jpg 700w, https:\/\/www.a-emotionallight.com\/wp-content\/uploads\/2025\/04\/AG03-SQ-ONN-1100x1100.jpg 1100w, https:\/\/www.a-emotionallight.com\/wp-content\/uploads\/2025\/04\/AG03-SQ-ONN-300x300.jpg 300w\" sizes=\"(max-width: 500px) 100vw, 500px\" \/><\/span>\n\n    <a class='portfolio_link_class' href='https:\/\/www.a-emotionallight.com\/es\/portfolio_page\/agasallo-ag03\/' target='_self'><\/a>\n        <div class=\"text_holder\">\n\t<h4 class=\"portfolio_title\" > Agasallo AG03<\/h4><span class=\"excerpt search_hidden\">\n\tAgasallo, which means \u201cgift\u201d in Galician, is H\u00e9ctor Serrano\u2019s new collection. Its shapes and its hand painted generate unique light effects that are projected into the space creating a unique atmosphere. Available in four pendant sizes that can be combined at different heights creating multiple compositions. Agasallo 3, with a diameter of 30cm, is one of the most voluminous pendant lamps in the collection. Its shapes and hand-painted in Spain generate unique light effects that are projected in space.<\/span>\n\n\t\t\n<\/div>\n    <\/div>\n<\/article>\n<article class=\"portfolio_masonry_item portfolio_category_231 portfolio_category_25 portfolio_category_27 default\">\n    <div class='image_holder overlapping_title_hover'>\n        \n<span class='image'><img loading=\"lazy\" decoding=\"async\" width=\"500\" height=\"500\" src=\"https:\/\/www.a-emotionallight.com\/wp-content\/uploads\/2025\/04\/Veiga-1-500x500.jpg\" class=\"attachment-portfolio_masonry_regular size-portfolio_masonry_regular wp-post-image\" alt=\"\" srcset=\"https:\/\/www.a-emotionallight.com\/wp-content\/uploads\/2025\/04\/Veiga-1-500x500.jpg 500w, https:\/\/www.a-emotionallight.com\/wp-content\/uploads\/2025\/04\/Veiga-1-550x550.jpg 550w, https:\/\/www.a-emotionallight.com\/wp-content\/uploads\/2025\/04\/Veiga-1-300x300.jpg 300w, https:\/\/www.a-emotionallight.com\/wp-content\/uploads\/2025\/04\/Veiga-1.jpg 610w\" sizes=\"(max-width: 500px) 100vw, 500px\" \/><\/span>\n\n    <a class='portfolio_link_class' href='https:\/\/www.a-emotionallight.com\/es\/portfolio_page\/veiga-va04\/' target='_self'><\/a>\n        <div class=\"text_holder\">\n\t<h4 class=\"portfolio_title\" > Veiga VA04<\/h4><span class=\"excerpt search_hidden\">\n\tLa piedra y la luz, dos elementos antag\u00f3nicos que Parga une en la b\u00fasqueda de una imagen casi de ficci\u00f3n. La energ\u00eda contenida en el interior de un mineral busca liberarse y salir en forma de un intenso rayo de luz directa. Parga es una colecci\u00f3n que recupera la aplicaci\u00f3n del granito para objetos funcionales y decorativos en espacios interiores, aprovechando la neutralidad crom\u00e1tica y su textura natural. Un conjunto formado por tres piezas de diferentes di\u00e1metros y alturas que emplean un lenguaje formal que remite a la talla l\u00edtica m\u00e1s primigenia y rudimentaria. El material empleado es granito que se extrae de canteras gallegas y proviene del aprovechamiento de descartes contribuyendo a la sostenibilidad desde la materia. El granito que forma Parga es compacto, de tono gris\u00e1ceo claro y uniforme con motas de negro y grano fino.<\/span>\n\n\t\t\n<\/div>\n    <\/div>\n<\/article>\n<article class=\"portfolio_masonry_item portfolio_category_35 portfolio_category_233 portfolio_category_27 default\">\n    <div class='image_holder overlapping_title_hover'>\n        \n<span class='image'><img loading=\"lazy\" decoding=\"async\" width=\"500\" height=\"500\" src=\"https:\/\/www.a-emotionallight.com\/wp-content\/uploads\/2025\/04\/UmbraRound-500x500.jpg\" class=\"attachment-portfolio_masonry_regular size-portfolio_masonry_regular wp-post-image\" alt=\"\" srcset=\"https:\/\/www.a-emotionallight.com\/wp-content\/uploads\/2025\/04\/UmbraRound-500x500.jpg 500w, https:\/\/www.a-emotionallight.com\/wp-content\/uploads\/2025\/04\/UmbraRound-550x550.jpg 550w, https:\/\/www.a-emotionallight.com\/wp-content\/uploads\/2025\/04\/UmbraRound-300x300.jpg 300w, https:\/\/www.a-emotionallight.com\/wp-content\/uploads\/2025\/04\/UmbraRound.jpg 610w\" sizes=\"(max-width: 500px) 100vw, 500px\" \/><\/span>\n\n    <a class='portfolio_link_class' href='https:\/\/www.a-emotionallight.com\/es\/portfolio_page\/umbra-uro06s\/' target='_self'><\/a>\n        <div class=\"text_holder\">\n\t<h4 class=\"portfolio_title\" > Umbra URO06<\/h4><span class=\"excerpt search_hidden\">\n\tLa piedra y la luz, dos elementos antag\u00f3nicos que Parga une en la b\u00fasqueda de una imagen casi de ficci\u00f3n. La energ\u00eda contenida en el interior de un mineral busca liberarse y salir en forma de un intenso rayo de luz directa. Parga es una colecci\u00f3n que recupera la aplicaci\u00f3n del granito para objetos funcionales y decorativos en espacios interiores, aprovechando la neutralidad crom\u00e1tica y su textura natural. Un conjunto formado por tres piezas de diferentes di\u00e1metros y alturas que emplean un lenguaje formal que remite a la talla l\u00edtica m\u00e1s primigenia y rudimentaria. El material empleado es granito que se extrae de canteras gallegas y proviene del aprovechamiento de descartes contribuyendo a la sostenibilidad desde la materia. El granito que forma Parga es compacto, de tono gris\u00e1ceo claro y uniforme con motas de negro y grano fino.<\/span>\n\n\t\t\n<\/div>\n    <\/div>\n<\/article>\n<article class=\"portfolio_masonry_item portfolio_category_172 portfolio_category_25 portfolio_category_27 default\">\n    <div class='image_holder overlapping_title_hover'>\n        \n<span class='image'><img loading=\"lazy\" decoding=\"async\" width=\"500\" height=\"500\" src=\"https:\/\/www.a-emotionallight.com\/wp-content\/uploads\/2025\/04\/PAC104-500x500.png\" class=\"attachment-portfolio_masonry_regular size-portfolio_masonry_regular wp-post-image\" alt=\"\" srcset=\"https:\/\/www.a-emotionallight.com\/wp-content\/uploads\/2025\/04\/PAC104-500x500.png 500w, https:\/\/www.a-emotionallight.com\/wp-content\/uploads\/2025\/04\/PAC104-1024x1024.png 1024w, https:\/\/www.a-emotionallight.com\/wp-content\/uploads\/2025\/04\/PAC104-640x640.png 640w, https:\/\/www.a-emotionallight.com\/wp-content\/uploads\/2025\/04\/PAC104-1536x1536.png 1536w, https:\/\/www.a-emotionallight.com\/wp-content\/uploads\/2025\/04\/PAC104-2048x2048.png 2048w, https:\/\/www.a-emotionallight.com\/wp-content\/uploads\/2025\/04\/PAC104-550x550.png 550w, https:\/\/www.a-emotionallight.com\/wp-content\/uploads\/2025\/04\/PAC104-1000x1000.png 1000w, https:\/\/www.a-emotionallight.com\/wp-content\/uploads\/2025\/04\/PAC104-700x700.png 700w, https:\/\/www.a-emotionallight.com\/wp-content\/uploads\/2025\/04\/PAC104-1100x1100.png 1100w, https:\/\/www.a-emotionallight.com\/wp-content\/uploads\/2025\/04\/PAC104-300x300.png 300w\" sizes=\"(max-width: 500px) 100vw, 500px\" \/><\/span>\n\n    <a class='portfolio_link_class' href='https:\/\/www.a-emotionallight.com\/es\/portfolio_page\/parga-pac104\/' target='_self'><\/a>\n        <div class=\"text_holder\">\n\t<h4 class=\"portfolio_title\" > PARGA PAC104<\/h4><span class=\"excerpt search_hidden\">\n\tLa piedra y la luz, dos elementos antag\u00f3nicos que Parga une en la b\u00fasqueda de una imagen casi de ficci\u00f3n. La energ\u00eda contenida en el interior de un mineral busca liberarse y salir en forma de un intenso rayo de luz directa. Parga es una colecci\u00f3n que recupera la aplicaci\u00f3n del granito para objetos funcionales y decorativos en espacios interiores, aprovechando la neutralidad crom\u00e1tica y su textura natural. Un conjunto formado por tres piezas de diferentes di\u00e1metros y alturas que emplean un lenguaje formal que remite a la talla l\u00edtica m\u00e1s primigenia y rudimentaria. El material empleado es granito que se extrae de canteras gallegas y proviene del aprovechamiento de descartes contribuyendo a la sostenibilidad desde la materia. El granito que forma Parga es compacto, de tono gris\u00e1ceo claro y uniforme con motas de negro y grano fino.<\/span>\n\n\t\t\n<\/div>\n    <\/div>\n<\/article>\n<article class=\"portfolio_masonry_item portfolio_category_172 portfolio_category_25 portfolio_category_27 default\">\n    <div class='image_holder overlapping_title_hover'>\n        \n<span class='image'><img loading=\"lazy\" decoding=\"async\" width=\"500\" height=\"500\" src=\"https:\/\/www.a-emotionallight.com\/wp-content\/uploads\/2025\/04\/PAC204-500x500.png\" class=\"attachment-portfolio_masonry_regular size-portfolio_masonry_regular wp-post-image\" alt=\"\" srcset=\"https:\/\/www.a-emotionallight.com\/wp-content\/uploads\/2025\/04\/PAC204-500x500.png 500w, https:\/\/www.a-emotionallight.com\/wp-content\/uploads\/2025\/04\/PAC204-1024x1024.png 1024w, https:\/\/www.a-emotionallight.com\/wp-content\/uploads\/2025\/04\/PAC204-640x640.png 640w, https:\/\/www.a-emotionallight.com\/wp-content\/uploads\/2025\/04\/PAC204-1536x1536.png 1536w, https:\/\/www.a-emotionallight.com\/wp-content\/uploads\/2025\/04\/PAC204-2048x2048.png 2048w, https:\/\/www.a-emotionallight.com\/wp-content\/uploads\/2025\/04\/PAC204-550x550.png 550w, https:\/\/www.a-emotionallight.com\/wp-content\/uploads\/2025\/04\/PAC204-1000x1000.png 1000w, https:\/\/www.a-emotionallight.com\/wp-content\/uploads\/2025\/04\/PAC204-700x700.png 700w, https:\/\/www.a-emotionallight.com\/wp-content\/uploads\/2025\/04\/PAC204-1100x1100.png 1100w, https:\/\/www.a-emotionallight.com\/wp-content\/uploads\/2025\/04\/PAC204-300x300.png 300w\" sizes=\"(max-width: 500px) 100vw, 500px\" \/><\/span>\n\n    <a class='portfolio_link_class' href='https:\/\/www.a-emotionallight.com\/es\/portfolio_page\/parga-pac204\/' target='_self'><\/a>\n        <div class=\"text_holder\">\n\t<h4 class=\"portfolio_title\" > PARGA PAC204<\/h4><span class=\"excerpt search_hidden\">\n\tLa piedra y la luz, dos elementos antag\u00f3nicos que Parga une en la b\u00fasqueda de una imagen casi de ficci\u00f3n. La energ\u00eda contenida en el interior de un mineral busca liberarse y salir en forma de un intenso rayo de luz directa. Parga es una colecci\u00f3n que recupera la aplicaci\u00f3n del granito para objetos funcionales y decorativos en espacios interiores, aprovechando la neutralidad crom\u00e1tica y su textura natural. Un conjunto formado por tres piezas de diferentes di\u00e1metros y alturas que emplean un lenguaje formal que remite a la talla l\u00edtica m\u00e1s primigenia y rudimentaria. El material empleado es granito que se extrae de canteras gallegas y proviene del aprovechamiento de descartes contribuyendo a la sostenibilidad desde la materia. El granito que forma Parga es compacto, de tono gris\u00e1ceo claro y uniforme con motas de negro y grano fino.<\/span>\n\n\t\t\n<\/div>\n    <\/div>\n<\/article>\n<article class=\"portfolio_masonry_item portfolio_category_172 portfolio_category_25 portfolio_category_27 default\">\n    <div class='image_holder overlapping_title_hover'>\n        \n<span class='image'><img loading=\"lazy\" decoding=\"async\" width=\"500\" height=\"500\" src=\"https:\/\/www.a-emotionallight.com\/wp-content\/uploads\/2025\/04\/PAC304-500x500.png\" class=\"attachment-portfolio_masonry_regular size-portfolio_masonry_regular wp-post-image\" alt=\"\" srcset=\"https:\/\/www.a-emotionallight.com\/wp-content\/uploads\/2025\/04\/PAC304-500x500.png 500w, https:\/\/www.a-emotionallight.com\/wp-content\/uploads\/2025\/04\/PAC304-1024x1024.png 1024w, https:\/\/www.a-emotionallight.com\/wp-content\/uploads\/2025\/04\/PAC304-640x640.png 640w, https:\/\/www.a-emotionallight.com\/wp-content\/uploads\/2025\/04\/PAC304-1536x1536.png 1536w, https:\/\/www.a-emotionallight.com\/wp-content\/uploads\/2025\/04\/PAC304-2048x2048.png 2048w, https:\/\/www.a-emotionallight.com\/wp-content\/uploads\/2025\/04\/PAC304-550x550.png 550w, https:\/\/www.a-emotionallight.com\/wp-content\/uploads\/2025\/04\/PAC304-1000x1000.png 1000w, https:\/\/www.a-emotionallight.com\/wp-content\/uploads\/2025\/04\/PAC304-700x700.png 700w, https:\/\/www.a-emotionallight.com\/wp-content\/uploads\/2025\/04\/PAC304-1100x1100.png 1100w, https:\/\/www.a-emotionallight.com\/wp-content\/uploads\/2025\/04\/PAC304-300x300.png 300w\" sizes=\"(max-width: 500px) 100vw, 500px\" \/><\/span>\n\n    <a class='portfolio_link_class' href='https:\/\/www.a-emotionallight.com\/es\/portfolio_page\/parga-pac304\/' target='_self'><\/a>\n        <div class=\"text_holder\">\n\t<h4 class=\"portfolio_title\" > PARGA PAC304<\/h4><span class=\"excerpt search_hidden\">\n\tLa piedra y la luz, dos elementos antag\u00f3nicos que Parga une en la b\u00fasqueda de una imagen casi de ficci\u00f3n. La energ\u00eda contenida en el interior de un mineral busca liberarse y salir en forma de un intenso rayo de luz directa. Parga es una colecci\u00f3n que recupera la aplicaci\u00f3n del granito para objetos funcionales y decorativos en espacios interiores, aprovechando la neutralidad crom\u00e1tica y su textura natural. Un conjunto formado por tres piezas de diferentes di\u00e1metros y alturas que emplean un lenguaje formal que remite a la talla l\u00edtica m\u00e1s primigenia y rudimentaria. El material empleado es granito que se extrae de canteras gallegas y proviene del aprovechamiento de descartes contribuyendo a la sostenibilidad desde la materia. El granito que forma Parga es compacto, de tono gris\u00e1ceo claro y uniforme con motas de negro y grano fino.<\/span>\n\n\t\t\n<\/div>\n    <\/div>\n<\/article>\n<article class=\"portfolio_masonry_item portfolio_category_80 portfolio_category_239 portfolio_category_25 portfolio_category_27 default\">\n    <div class='image_holder overlapping_title_hover'>\n        \n<span class='image'><img loading=\"lazy\" decoding=\"async\" width=\"500\" height=\"500\" src=\"https:\/\/www.a-emotionallight.com\/wp-content\/uploads\/2025\/04\/caoralXL-500x500.jpg\" class=\"attachment-portfolio_masonry_regular size-portfolio_masonry_regular wp-post-image\" alt=\"\" srcset=\"https:\/\/www.a-emotionallight.com\/wp-content\/uploads\/2025\/04\/caoralXL-500x500.jpg 500w, https:\/\/www.a-emotionallight.com\/wp-content\/uploads\/2025\/04\/caoralXL-550x550.jpg 550w, https:\/\/www.a-emotionallight.com\/wp-content\/uploads\/2025\/04\/caoralXL-300x300.jpg 300w, https:\/\/www.a-emotionallight.com\/wp-content\/uploads\/2025\/04\/caoralXL.jpg 610w\" sizes=\"(max-width: 500px) 100vw, 500px\" \/><\/span>\n\n    <a class='portfolio_link_class' href='https:\/\/www.a-emotionallight.com\/es\/portfolio_page\/coral-xl\/' target='_self'><\/a>\n        <div class=\"text_holder\">\n\t<h4 class=\"portfolio_title\" > Coral XL<\/h4><span class=\"excerpt search_hidden\">\n\tLa piedra y la luz, dos elementos antag\u00f3nicos que Parga une en la b\u00fasqueda de una imagen casi de ficci\u00f3n. La energ\u00eda contenida en el interior de un mineral busca liberarse y salir en forma de un intenso rayo de luz directa. Parga es una colecci\u00f3n que recupera la aplicaci\u00f3n del granito para objetos funcionales y decorativos en espacios interiores, aprovechando la neutralidad crom\u00e1tica y su textura natural. Un conjunto formado por tres piezas de diferentes di\u00e1metros y alturas que emplean un lenguaje formal que remite a la talla l\u00edtica m\u00e1s primigenia y rudimentaria. El material empleado es granito que se extrae de canteras gallegas y proviene del aprovechamiento de descartes contribuyendo a la sostenibilidad desde la materia. El granito que forma Parga es compacto, de tono gris\u00e1ceo claro y uniforme con motas de negro y grano fino.<\/span>\n\n\t\t\n<\/div>\n    <\/div>\n<\/article>\n<article class=\"portfolio_masonry_item portfolio_category_35 portfolio_category_235 portfolio_category_27 default\">\n    <div class='image_holder overlapping_title_hover'>\n        \n<span class='image'><img loading=\"lazy\" decoding=\"async\" width=\"500\" height=\"500\" src=\"https:\/\/www.a-emotionallight.com\/wp-content\/uploads\/2025\/04\/Lisa-500x500.jpg\" class=\"attachment-portfolio_masonry_regular size-portfolio_masonry_regular wp-post-image\" alt=\"\" srcset=\"https:\/\/www.a-emotionallight.com\/wp-content\/uploads\/2025\/04\/Lisa-500x500.jpg 500w, https:\/\/www.a-emotionallight.com\/wp-content\/uploads\/2025\/04\/Lisa-640x640.jpg 640w, https:\/\/www.a-emotionallight.com\/wp-content\/uploads\/2025\/04\/Lisa-550x550.jpg 550w, https:\/\/www.a-emotionallight.com\/wp-content\/uploads\/2025\/04\/Lisa-700x700.jpg 700w, https:\/\/www.a-emotionallight.com\/wp-content\/uploads\/2025\/04\/Lisa-300x300.jpg 300w, https:\/\/www.a-emotionallight.com\/wp-content\/uploads\/2025\/04\/Lisa.jpg 842w\" sizes=\"(max-width: 500px) 100vw, 500px\" \/><\/span>\n\n    <a class='portfolio_link_class' href='https:\/\/www.a-emotionallight.com\/es\/portfolio_page\/lisa-ll06\/' target='_self'><\/a>\n        <div class=\"text_holder\">\n\t<h4 class=\"portfolio_title\" > LISA LL06<\/h4><span class=\"excerpt search_hidden\">\n\tLa piedra y la luz, dos elementos antag\u00f3nicos que Parga une en la b\u00fasqueda de una imagen casi de ficci\u00f3n. La energ\u00eda contenida en el interior de un mineral busca liberarse y salir en forma de un intenso rayo de luz directa. Parga es una colecci\u00f3n que recupera la aplicaci\u00f3n del granito para objetos funcionales y decorativos en espacios interiores, aprovechando la neutralidad crom\u00e1tica y su textura natural. Un conjunto formado por tres piezas de diferentes di\u00e1metros y alturas que emplean un lenguaje formal que remite a la talla l\u00edtica m\u00e1s primigenia y rudimentaria. El material empleado es granito que se extrae de canteras gallegas y proviene del aprovechamiento de descartes contribuyendo a la sostenibilidad desde la materia. El granito que forma Parga es compacto, de tono gris\u00e1ceo claro y uniforme con motas de negro y grano fino.<\/span>\n\n\t\t\n<\/div>\n    <\/div>\n<\/article>\n<article class=\"portfolio_masonry_item portfolio_category_172 portfolio_category_25 portfolio_category_32 portfolio_category_27 default\">\n    <div class='image_holder overlapping_title_hover'>\n        \n<span class='image'><img loading=\"lazy\" decoding=\"async\" width=\"500\" height=\"500\" src=\"https:\/\/www.a-emotionallight.com\/wp-content\/uploads\/2023\/03\/a-emotional-light-PA104-parga-thumb-web-500x500.jpg\" class=\"attachment-portfolio_masonry_regular size-portfolio_masonry_regular wp-post-image\" alt=\"\" srcset=\"https:\/\/www.a-emotionallight.com\/wp-content\/uploads\/2023\/03\/a-emotional-light-PA104-parga-thumb-web.jpg 500w, https:\/\/www.a-emotionallight.com\/wp-content\/uploads\/2023\/03\/a-emotional-light-PA104-parga-thumb-web-300x300.jpg 300w\" sizes=\"(max-width: 500px) 100vw, 500px\" \/><\/span>\n\n    <a class='portfolio_link_class' href='https:\/\/www.a-emotionallight.com\/es\/portfolio_page\/parga-pa104\/' target='_self'><\/a>\n        <div class=\"text_holder\">\n\t<h4 class=\"portfolio_title\" > PARGA PA104<\/h4><span class=\"excerpt search_hidden\">\n\tLa piedra y la luz, dos elementos antag\u00f3nicos que Parga une en la b\u00fasqueda de una imagen casi de ficci\u00f3n. La energ\u00eda contenida en el interior de un mineral busca liberarse y salir en forma de un intenso rayo de luz directa. Parga es una colecci\u00f3n que recupera la aplicaci\u00f3n del granito para objetos funcionales y decorativos en espacios interiores, aprovechando la neutralidad crom\u00e1tica y su textura natural. Un conjunto formado por tres piezas de diferentes di\u00e1metros y alturas que emplean un lenguaje formal que remite a la talla l\u00edtica m\u00e1s primigenia y rudimentaria. El material empleado es granito que se extrae de canteras gallegas y proviene del aprovechamiento de descartes contribuyendo a la sostenibilidad desde la materia. El granito que forma Parga es compacto, de tono gris\u00e1ceo claro y uniforme con motas de negro y grano fino.<\/span>\n\n\t\t\n<\/div>\n    <\/div>\n<\/article>\n<article class=\"portfolio_masonry_item portfolio_category_172 portfolio_category_25 portfolio_category_32 portfolio_category_27 default\">\n    <div class='image_holder overlapping_title_hover'>\n        \n<span class='image'><img loading=\"lazy\" decoding=\"async\" width=\"500\" height=\"500\" src=\"https:\/\/www.a-emotionallight.com\/wp-content\/uploads\/2023\/03\/a-emotional-light-PAC204-parga-thumb-web-500x500.jpg\" class=\"attachment-portfolio_masonry_regular size-portfolio_masonry_regular wp-post-image\" alt=\"\" srcset=\"https:\/\/www.a-emotionallight.com\/wp-content\/uploads\/2023\/03\/a-emotional-light-PAC204-parga-thumb-web.jpg 500w, https:\/\/www.a-emotionallight.com\/wp-content\/uploads\/2023\/03\/a-emotional-light-PAC204-parga-thumb-web-300x300.jpg 300w\" sizes=\"(max-width: 500px) 100vw, 500px\" \/><\/span>\n\n    <a class='portfolio_link_class' href='https:\/\/www.a-emotionallight.com\/es\/portfolio_page\/parga-pa204\/' target='_self'><\/a>\n        <div class=\"text_holder\">\n\t<h4 class=\"portfolio_title\" > PARGA PA204<\/h4><span class=\"excerpt search_hidden\">\n\tLa piedra y la luz, dos elementos antag\u00f3nicos que Parga une en la b\u00fasqueda de una imagen casi de ficci\u00f3n. La energ\u00eda contenida en el interior de un mineral busca liberarse y salir en forma de un intenso rayo de luz directa. Parga es una colecci\u00f3n que recupera la aplicaci\u00f3n del granito para objetos funcionales y decorativos en espacios interiores, aprovechando la neutralidad crom\u00e1tica y su textura natural. Un conjunto formado por tres piezas de diferentes di\u00e1metros y alturas que emplean un lenguaje formal que remite a la talla l\u00edtica m\u00e1s primigenia y rudimentaria. El material empleado es granito que se extrae de canteras gallegas y proviene del aprovechamiento de descartes contribuyendo a la sostenibilidad desde la materia. El granito que forma Parga es compacto, de tono gris\u00e1ceo claro y uniforme con motas de negro y grano fino.<\/span>\n\n\t\t\n<\/div>\n    <\/div>\n<\/article>\n<article class=\"portfolio_masonry_item portfolio_category_172 portfolio_category_25 portfolio_category_32 portfolio_category_27 default\">\n    <div class='image_holder overlapping_title_hover'>\n        \n<span class='image'><img loading=\"lazy\" decoding=\"async\" width=\"500\" height=\"500\" src=\"https:\/\/www.a-emotionallight.com\/wp-content\/uploads\/2023\/03\/a-emotional-light-PA304-parga-thumb-web-500x500.jpg\" class=\"attachment-portfolio_masonry_regular size-portfolio_masonry_regular wp-post-image\" alt=\"\" srcset=\"https:\/\/www.a-emotionallight.com\/wp-content\/uploads\/2023\/03\/a-emotional-light-PA304-parga-thumb-web.jpg 500w, https:\/\/www.a-emotionallight.com\/wp-content\/uploads\/2023\/03\/a-emotional-light-PA304-parga-thumb-web-300x300.jpg 300w\" sizes=\"(max-width: 500px) 100vw, 500px\" \/><\/span>\n\n    <a class='portfolio_link_class' href='https:\/\/www.a-emotionallight.com\/es\/portfolio_page\/parga-pa304\/' target='_self'><\/a>\n        <div class=\"text_holder\">\n\t<h4 class=\"portfolio_title\" > PARGA PA304<\/h4><span class=\"excerpt search_hidden\">\n\tLa piedra y la luz, dos elementos antag\u00f3nicos que Parga une en la b\u00fasqueda de una imagen casi de ficci\u00f3n. La energ\u00eda contenida en el interior de un mineral busca liberarse y salir en forma de un intenso rayo de luz directa. Parga es una colecci\u00f3n que recupera la aplicaci\u00f3n del granito para objetos funcionales y decorativos en espacios interiores, aprovechando la neutralidad crom\u00e1tica y su textura natural. Un conjunto formado por tres piezas de diferentes di\u00e1metros y alturas que emplean un lenguaje formal que remite a la talla l\u00edtica m\u00e1s primigenia y rudimentaria. El material empleado es granito que se extrae de canteras gallegas y proviene del aprovechamiento de descartes contribuyendo a la sostenibilidad desde la materia. El granito que forma Parga es compacto, de tono gris\u00e1ceo claro y uniforme con motas de negro y grano fino.<\/span>\n\n\t\t\n<\/div>\n    <\/div>\n<\/article>\n<article class=\"portfolio_masonry_item portfolio_category_170 portfolio_category_25 portfolio_category_32 portfolio_category_27 default\">\n    <div class='image_holder overlapping_title_hover'>\n        \n<span class='image'><img loading=\"lazy\" decoding=\"async\" width=\"500\" height=\"500\" src=\"https:\/\/www.a-emotionallight.com\/wp-content\/uploads\/2025\/04\/anelLargeX-500x500.jpg\" class=\"attachment-portfolio_masonry_regular size-portfolio_masonry_regular wp-post-image\" alt=\"\" srcset=\"https:\/\/www.a-emotionallight.com\/wp-content\/uploads\/2025\/04\/anelLargeX-500x500.jpg 500w, https:\/\/www.a-emotionallight.com\/wp-content\/uploads\/2025\/04\/anelLargeX-1024x1024.jpg 1024w, https:\/\/www.a-emotionallight.com\/wp-content\/uploads\/2025\/04\/anelLargeX-640x640.jpg 640w, https:\/\/www.a-emotionallight.com\/wp-content\/uploads\/2025\/04\/anelLargeX-550x550.jpg 550w, https:\/\/www.a-emotionallight.com\/wp-content\/uploads\/2025\/04\/anelLargeX-1000x1000.jpg 1000w, https:\/\/www.a-emotionallight.com\/wp-content\/uploads\/2025\/04\/anelLargeX-700x700.jpg 700w, https:\/\/www.a-emotionallight.com\/wp-content\/uploads\/2025\/04\/anelLargeX-300x300.jpg 300w, https:\/\/www.a-emotionallight.com\/wp-content\/uploads\/2025\/04\/anelLargeX.jpg 1028w\" sizes=\"(max-width: 500px) 100vw, 500px\" \/><\/span>\n\n    <a class='portfolio_link_class' href='https:\/\/www.a-emotionallight.com\/es\/portfolio_page\/anel-large\/' target='_self'><\/a>\n        <div class=\"text_holder\">\n\t<h4 class=\"portfolio_title\" > Anel Large<\/h4><span class=\"excerpt search_hidden\">\n\tA partir de la idea de lucerna y textura, nuestro equipo interno ha desarrollado esta propuesta de plaf\u00f3n y suspensi\u00f3n. La distribuci\u00f3n circular de la luz hace que Anel ofrezca una eficiencia lum\u00ednica adecuada para esta tipolog\u00eda de producto, mientras que el montaje sobre superficie facilitan su instalaci\u00f3n. Los dos cilindros de malla de acero que rodean la fuente de luz conforman un juego de planos, l\u00edneas diagonales texturas y formas conc\u00e9ntricas que hacen de Anel una pieza con est\u00e9tica propia y elegancia.<\/span>\n\n\t\t\n<\/div>\n    <\/div>\n<\/article>\n<article class=\"portfolio_masonry_item portfolio_category_171 portfolio_category_25 portfolio_category_32 portfolio_category_27 default\">\n    <div class='image_holder overlapping_title_hover'>\n        \n<span class='image'><img loading=\"lazy\" decoding=\"async\" width=\"500\" height=\"500\" src=\"https:\/\/www.a-emotionallight.com\/wp-content\/uploads\/2024\/07\/2404-19AE-FT-News-24-Nebra-Inox-160-500x500.jpg\" class=\"attachment-portfolio_masonry_regular size-portfolio_masonry_regular wp-post-image\" alt=\"\" srcset=\"https:\/\/www.a-emotionallight.com\/wp-content\/uploads\/2024\/07\/2404-19AE-FT-News-24-Nebra-Inox-160-500x500.jpg 500w, https:\/\/www.a-emotionallight.com\/wp-content\/uploads\/2024\/07\/2404-19AE-FT-News-24-Nebra-Inox-160-1024x1024.jpg 1024w, https:\/\/www.a-emotionallight.com\/wp-content\/uploads\/2024\/07\/2404-19AE-FT-News-24-Nebra-Inox-160-640x640.jpg 640w, https:\/\/www.a-emotionallight.com\/wp-content\/uploads\/2024\/07\/2404-19AE-FT-News-24-Nebra-Inox-160-550x550.jpg 550w, https:\/\/www.a-emotionallight.com\/wp-content\/uploads\/2024\/07\/2404-19AE-FT-News-24-Nebra-Inox-160-1000x1000.jpg 1000w, https:\/\/www.a-emotionallight.com\/wp-content\/uploads\/2024\/07\/2404-19AE-FT-News-24-Nebra-Inox-160-700x700.jpg 700w, https:\/\/www.a-emotionallight.com\/wp-content\/uploads\/2024\/07\/2404-19AE-FT-News-24-Nebra-Inox-160-1100x1100.jpg 1100w, https:\/\/www.a-emotionallight.com\/wp-content\/uploads\/2024\/07\/2404-19AE-FT-News-24-Nebra-Inox-160-300x300.jpg 300w, https:\/\/www.a-emotionallight.com\/wp-content\/uploads\/2024\/07\/2404-19AE-FT-News-24-Nebra-Inox-160.jpg 1500w\" sizes=\"(max-width: 500px) 100vw, 500px\" \/><\/span>\n\n    <a class='portfolio_link_class' href='https:\/\/www.a-emotionallight.com\/es\/portfolio_page\/nebra-160\/' target='_self'><\/a>\n        <div class=\"text_holder\">\n\t<h4 class=\"portfolio_title\" > Nebra 160<\/h4><span class=\"excerpt search_hidden\">\n\tNebra capta el amanecer estival a trav\u00e9s de un fino velo de niebla. Una luz caracter\u00edstica del albor Atl\u00e1ntico en una \u00e9poca en la que las primeras nieblas anticipan el oto\u00f1o.<\/span>\n\n\t\t\n<\/div>\n    <\/div>\n<\/article>\n<article class=\"portfolio_masonry_item portfolio_category_171 portfolio_category_25 portfolio_category_32 portfolio_category_27 default\">\n    <div class='image_holder overlapping_title_hover'>\n        \n<span class='image'><img loading=\"lazy\" decoding=\"async\" width=\"500\" height=\"500\" src=\"https:\/\/www.a-emotionallight.com\/wp-content\/uploads\/2024\/07\/2404-19AE-FT-News-24-Nebra-Inox-120-500x500.jpg\" class=\"attachment-portfolio_masonry_regular size-portfolio_masonry_regular wp-post-image\" alt=\"\" srcset=\"https:\/\/www.a-emotionallight.com\/wp-content\/uploads\/2024\/07\/2404-19AE-FT-News-24-Nebra-Inox-120-500x500.jpg 500w, https:\/\/www.a-emotionallight.com\/wp-content\/uploads\/2024\/07\/2404-19AE-FT-News-24-Nebra-Inox-120-1024x1024.jpg 1024w, https:\/\/www.a-emotionallight.com\/wp-content\/uploads\/2024\/07\/2404-19AE-FT-News-24-Nebra-Inox-120-640x640.jpg 640w, https:\/\/www.a-emotionallight.com\/wp-content\/uploads\/2024\/07\/2404-19AE-FT-News-24-Nebra-Inox-120-550x550.jpg 550w, https:\/\/www.a-emotionallight.com\/wp-content\/uploads\/2024\/07\/2404-19AE-FT-News-24-Nebra-Inox-120-1000x1000.jpg 1000w, https:\/\/www.a-emotionallight.com\/wp-content\/uploads\/2024\/07\/2404-19AE-FT-News-24-Nebra-Inox-120-700x700.jpg 700w, https:\/\/www.a-emotionallight.com\/wp-content\/uploads\/2024\/07\/2404-19AE-FT-News-24-Nebra-Inox-120-1100x1100.jpg 1100w, https:\/\/www.a-emotionallight.com\/wp-content\/uploads\/2024\/07\/2404-19AE-FT-News-24-Nebra-Inox-120-300x300.jpg 300w, https:\/\/www.a-emotionallight.com\/wp-content\/uploads\/2024\/07\/2404-19AE-FT-News-24-Nebra-Inox-120.jpg 1500w\" sizes=\"(max-width: 500px) 100vw, 500px\" \/><\/span>\n\n    <a class='portfolio_link_class' href='https:\/\/www.a-emotionallight.com\/es\/portfolio_page\/nebra-120\/' target='_self'><\/a>\n        <div class=\"text_holder\">\n\t<h4 class=\"portfolio_title\" > Nebra 120<\/h4><span class=\"excerpt search_hidden\">\n\tNebra capta el amanecer estival a trav\u00e9s de un fino velo de niebla. Una luz caracter\u00edstica del albor Atl\u00e1ntico en una \u00e9poca en la que las primeras nieblas anticipan el oto\u00f1o.<\/span>\n\n\t\t\n<\/div>\n    <\/div>\n<\/article>\n<article class=\"portfolio_masonry_item portfolio_category_171 portfolio_category_25 portfolio_category_32 portfolio_category_27 default\">\n    <div class='image_holder overlapping_title_hover'>\n        \n<span class='image'><img loading=\"lazy\" decoding=\"async\" width=\"500\" height=\"500\" src=\"https:\/\/www.a-emotionallight.com\/wp-content\/uploads\/2024\/07\/2404-19AE-FT-News-24-Nebra-Inox-100-500x500.jpg\" class=\"attachment-portfolio_masonry_regular size-portfolio_masonry_regular wp-post-image\" alt=\"\" srcset=\"https:\/\/www.a-emotionallight.com\/wp-content\/uploads\/2024\/07\/2404-19AE-FT-News-24-Nebra-Inox-100-500x500.jpg 500w, https:\/\/www.a-emotionallight.com\/wp-content\/uploads\/2024\/07\/2404-19AE-FT-News-24-Nebra-Inox-100-1024x1024.jpg 1024w, https:\/\/www.a-emotionallight.com\/wp-content\/uploads\/2024\/07\/2404-19AE-FT-News-24-Nebra-Inox-100-640x640.jpg 640w, https:\/\/www.a-emotionallight.com\/wp-content\/uploads\/2024\/07\/2404-19AE-FT-News-24-Nebra-Inox-100-1536x1536.jpg 1536w, https:\/\/www.a-emotionallight.com\/wp-content\/uploads\/2024\/07\/2404-19AE-FT-News-24-Nebra-Inox-100-2048x2048.jpg 2048w, https:\/\/www.a-emotionallight.com\/wp-content\/uploads\/2024\/07\/2404-19AE-FT-News-24-Nebra-Inox-100-550x550.jpg 550w, https:\/\/www.a-emotionallight.com\/wp-content\/uploads\/2024\/07\/2404-19AE-FT-News-24-Nebra-Inox-100-1000x1000.jpg 1000w, https:\/\/www.a-emotionallight.com\/wp-content\/uploads\/2024\/07\/2404-19AE-FT-News-24-Nebra-Inox-100-700x700.jpg 700w, https:\/\/www.a-emotionallight.com\/wp-content\/uploads\/2024\/07\/2404-19AE-FT-News-24-Nebra-Inox-100-1100x1100.jpg 1100w, https:\/\/www.a-emotionallight.com\/wp-content\/uploads\/2024\/07\/2404-19AE-FT-News-24-Nebra-Inox-100-300x300.jpg 300w\" sizes=\"(max-width: 500px) 100vw, 500px\" \/><\/span>\n\n    <a class='portfolio_link_class' href='https:\/\/www.a-emotionallight.com\/es\/portfolio_page\/nebra-100\/' target='_self'><\/a>\n        <div class=\"text_holder\">\n\t<h4 class=\"portfolio_title\" > Nebra<\/h4><span class=\"excerpt search_hidden\">\n\tNebra capta el amanecer estival a trav\u00e9s de un fino velo de niebla. Una luz caracter\u00edstica del albor Atl\u00e1ntico en una \u00e9poca en la que las primeras nieblas anticipan el oto\u00f1o.<\/span>\n\n\t\t\n<\/div>\n    <\/div>\n<\/article>\n<article class=\"portfolio_masonry_item portfolio_category_124 portfolio_category_25 portfolio_category_27 default\">\n    <div class='image_holder overlapping_title_hover'>\n        \n<span class='image'><img loading=\"lazy\" decoding=\"async\" width=\"500\" height=\"500\" src=\"https:\/\/www.a-emotionallight.com\/wp-content\/uploads\/2024\/07\/a-emotional-light-agasallo-AG04-4-P-01-1-500x500.jpg\" class=\"attachment-portfolio_masonry_regular size-portfolio_masonry_regular wp-post-image\" alt=\"\" srcset=\"https:\/\/www.a-emotionallight.com\/wp-content\/uploads\/2024\/07\/a-emotional-light-agasallo-AG04-4-P-01-1-500x500.jpg 500w, https:\/\/www.a-emotionallight.com\/wp-content\/uploads\/2024\/07\/a-emotional-light-agasallo-AG04-4-P-01-1-550x550.jpg 550w, https:\/\/www.a-emotionallight.com\/wp-content\/uploads\/2024\/07\/a-emotional-light-agasallo-AG04-4-P-01-1-300x300.jpg 300w, https:\/\/www.a-emotionallight.com\/wp-content\/uploads\/2024\/07\/a-emotional-light-agasallo-AG04-4-P-01-1.jpg 608w\" sizes=\"(max-width: 500px) 100vw, 500px\" \/><\/span>\n\n    <a class='portfolio_link_class' href='https:\/\/www.a-emotionallight.com\/es\/portfolio_page\/agasallo-ag04-4-p\/' target='_self'><\/a>\n        <div class=\"text_holder\">\n\t<h4 class=\"portfolio_title\" > Agasallo AG04-4-P<\/h4><span class=\"excerpt search_hidden\">\n\tAgasallo, which means \u201cgift\u201d in Galician, is H\u00e9ctor Serrano\u2019s new collection. Its shapes and its hand painted generate unique light effects that are projected into the space creating a unique atmosphere. Available in four pendant sizes that can be combined at different heights creating multiple compositions. Agasallo 3, with a diameter of 30cm, is one of the most voluminous pendant lamps in the collection. Its shapes and hand-painted in Spain generate unique light effects that are projected in space.<\/span>\n\n\t\t\n<\/div>\n    <\/div>\n<\/article>\n<article class=\"portfolio_masonry_item portfolio_category_89 portfolio_category_25 portfolio_category_32 portfolio_category_27 default\">\n    <div class='image_holder overlapping_title_hover'>\n        \n<span class='image'><img loading=\"lazy\" decoding=\"async\" width=\"500\" height=\"500\" src=\"https:\/\/www.a-emotionallight.com\/wp-content\/uploads\/2024\/05\/PORTADAS-PRODUCTO_ONN-XL.jpg\" class=\"attachment-portfolio_masonry_regular size-portfolio_masonry_regular wp-post-image\" alt=\"\" srcset=\"https:\/\/www.a-emotionallight.com\/wp-content\/uploads\/2024\/05\/PORTADAS-PRODUCTO_ONN-XL.jpg 500w, https:\/\/www.a-emotionallight.com\/wp-content\/uploads\/2024\/05\/PORTADAS-PRODUCTO_ONN-XL-300x300.jpg 300w\" sizes=\"(max-width: 500px) 100vw, 500px\" \/><\/span>\n\n    <a class='portfolio_link_class' href='https:\/\/www.a-emotionallight.com\/es\/portfolio_page\/onn-colgante-xl\/' target='_self'><\/a>\n        <div class=\"text_holder\">\n\t<h4 class=\"portfolio_title\" > Onn Colgante XL<\/h4><span class=\"excerpt search_hidden\">\n\tLa l\u00e1mpara colgante Onn XL es una de las luminarias de la colecci\u00f3n hom\u00f3nima realizada en malla de acero inoxidable pintada. Dise\u00f1adas por Arturo \u00c1lvarez, las l\u00e1mparas de esta colecci\u00f3n hecha a mano evocan el mundo marino; conchas, algas, corales surgen con fuerza llenos de dinamismo y vitalidad.<\/span>\n\n\t\t\n<\/div>\n    <\/div>\n<\/article>\n<article class=\"portfolio_masonry_item portfolio_category_172 portfolio_category_25 portfolio_category_32 portfolio_category_27 default\">\n    <div class='image_holder overlapping_title_hover'>\n        \n<span class='image'><img loading=\"lazy\" decoding=\"async\" width=\"500\" height=\"500\" src=\"https:\/\/www.a-emotionallight.com\/wp-content\/uploads\/2024\/05\/PORTADA-PRODUCTO_PARGA-1.jpg\" class=\"attachment-portfolio_masonry_regular size-portfolio_masonry_regular wp-post-image\" alt=\"\" srcset=\"https:\/\/www.a-emotionallight.com\/wp-content\/uploads\/2024\/05\/PORTADA-PRODUCTO_PARGA-1.jpg 500w, https:\/\/www.a-emotionallight.com\/wp-content\/uploads\/2024\/05\/PORTADA-PRODUCTO_PARGA-1-300x300.jpg 300w\" sizes=\"(max-width: 500px) 100vw, 500px\" \/><\/span>\n\n    <a class='portfolio_link_class' href='https:\/\/www.a-emotionallight.com\/es\/portfolio_page\/parga-pa04-3\/' target='_self'><\/a>\n        <div class=\"text_holder\">\n\t<h4 class=\"portfolio_title\" > Composici\u00f3n Parga<\/h4><span class=\"excerpt search_hidden\">\n\tLa piedra y la luz, dos elementos antag\u00f3nicos que Parga une en la b\u00fasqueda de una imagen casi de ficci\u00f3n. La energ\u00eda contenida en el interior de un mineral busca liberarse y salir en forma de un intenso rayo de luz directa. Parga es una colecci\u00f3n que recupera la aplicaci\u00f3n del granito para objetos funcionales y decorativos en espacios interiores, aprovechando la neutralidad crom\u00e1tica y su textura natural. Un conjunto formado por tres piezas de diferentes di\u00e1metros y alturas que emplean un lenguaje formal que remite a la talla l\u00edtica m\u00e1s primigenia y rudimentaria. El material empleado es granito que se extrae de canteras gallegas y proviene del aprovechamiento de descartes contribuyendo a la sostenibilidad desde la materia. El granito que forma Parga es compacto, de tono gris\u00e1ceo claro y uniforme con motas de negro y grano fino.<\/span>\n\n\t\t\n<\/div>\n    <\/div>\n<\/article>\n<article class=\"portfolio_masonry_item portfolio_category_93 portfolio_category_25 portfolio_category_32 portfolio_category_27 default\">\n    <div class='image_holder overlapping_title_hover'>\n        \n<span class='image'><img loading=\"lazy\" decoding=\"async\" width=\"500\" height=\"500\" src=\"https:\/\/www.a-emotionallight.com\/wp-content\/uploads\/2024\/05\/PORTADAS-PRODUCTO_TEMPO-MINI.jpg\" class=\"attachment-portfolio_masonry_regular size-portfolio_masonry_regular wp-post-image\" alt=\"\" srcset=\"https:\/\/www.a-emotionallight.com\/wp-content\/uploads\/2024\/05\/PORTADAS-PRODUCTO_TEMPO-MINI.jpg 500w, https:\/\/www.a-emotionallight.com\/wp-content\/uploads\/2024\/05\/PORTADAS-PRODUCTO_TEMPO-MINI-300x300.jpg 300w\" sizes=\"(max-width: 500px) 100vw, 500px\" \/><\/span>\n\n    <a class='portfolio_link_class' href='https:\/\/www.a-emotionallight.com\/es\/portfolio_page\/tempo-vivace-mini\/' target='_self'><\/a>\n        <div class=\"text_holder\">\n\t<h4 class=\"portfolio_title\" > Tempo Vivace Mini<\/h4><span class=\"excerpt search_hidden\">\n\tTempo Vivace es una l\u00e1mpara colgante de la colecci\u00f3n hom\u00f3nima dise\u00f1ada por Arturo \u00c1lvarez. Hecha de malla de acero inoxidable pintada, se moldea a mano en Espa\u00f1a. Dos formas vivas que irradian luz por sus poros con delicadeza.<\/span>\n\n\t\t\n<\/div>\n    <\/div>\n<\/article>\n<article class=\"portfolio_masonry_item portfolio_category_93 portfolio_category_25 portfolio_category_32 portfolio_category_27 default\">\n    <div class='image_holder overlapping_title_hover'>\n        \n<span class='image'><img loading=\"lazy\" decoding=\"async\" width=\"500\" height=\"500\" src=\"https:\/\/www.a-emotionallight.com\/wp-content\/uploads\/2024\/05\/2404-19AE-FT-News-24-Tempo-L-LOW-500x500.jpg\" class=\"attachment-portfolio_masonry_regular size-portfolio_masonry_regular wp-post-image\" alt=\"\" \/><\/span>\n\n    <a class='portfolio_link_class' href='https:\/\/www.a-emotionallight.com\/es\/portfolio_page\/tevi04g\/' target='_self'><\/a>\n        <div class=\"text_holder\">\n\t<h4 class=\"portfolio_title\" > Tempo Vivace Grande<\/h4><span class=\"excerpt search_hidden\">\n\tTempo Vivace es una l\u00e1mpara colgante de la colecci\u00f3n hom\u00f3nima dise\u00f1ada por Arturo \u00c1lvarez. Hecha de malla de acero inoxidable pintada, se moldea a mano en Espa\u00f1a.<\/span>\n\n\t\t\n<\/div>\n    <\/div>\n<\/article>\n<article class=\"portfolio_masonry_item portfolio_category_174 portfolio_category_27 default\">\n    <div class='image_holder overlapping_title_hover'>\n        \n<span class='image'><img loading=\"lazy\" decoding=\"async\" width=\"500\" height=\"500\" src=\"https:\/\/www.a-emotionallight.com\/wp-content\/uploads\/2023\/03\/a-emotional-light-BS01-blossom-thumb-web-1-500x500.jpg\" class=\"attachment-portfolio_masonry_regular size-portfolio_masonry_regular wp-post-image\" alt=\"\" srcset=\"https:\/\/www.a-emotionallight.com\/wp-content\/uploads\/2023\/03\/a-emotional-light-BS01-blossom-thumb-web-1.jpg 500w, https:\/\/www.a-emotionallight.com\/wp-content\/uploads\/2023\/03\/a-emotional-light-BS01-blossom-thumb-web-1-300x300.jpg 300w\" sizes=\"(max-width: 500px) 100vw, 500px\" \/><\/span>\n\n    <a class='portfolio_link_class' href='https:\/\/www.a-emotionallight.com\/es\/portfolio_page\/blossom-bs02\/' target='_self'><\/a>\n        <div class=\"text_holder\">\n\t<h4 class=\"portfolio_title\" > BLOSSOM BS02<\/h4><span class=\"excerpt search_hidden\">\n\tBlossom un dise\u00f1o est\u00e9tico y positivo. La nueva colecci\u00f3n dise\u00f1ada por Teresa Sapey + Partners, oculta, en su nombre, un mensaje claro y natural. Esta l\u00e1mpara de mesa se presenta como un elemento que se abre, pero es, al mismo tiempo, delicado y fugaz. Su forma asim\u00e9trica y color cambia seg\u00fan el punto de vista, al igual que sus tramas. Blossom es un dise\u00f1o hecho para crear efectos lum\u00ednicos elegantes en cualquier tipo de ambiente.<\/span>\n\n\t\t\n<\/div>\n    <\/div>\n<\/article>\n<article class=\"portfolio_masonry_item portfolio_category_173 portfolio_category_25 portfolio_category_27 default\">\n    <div class='image_holder overlapping_title_hover'>\n        \n<span class='image'><img loading=\"lazy\" decoding=\"async\" width=\"500\" height=\"500\" src=\"https:\/\/www.a-emotionallight.com\/wp-content\/uploads\/2023\/03\/a-emotional-light-CB04-cabana-thumb-web-500x500.jpg\" class=\"attachment-portfolio_masonry_regular size-portfolio_masonry_regular wp-post-image\" alt=\"\" srcset=\"https:\/\/www.a-emotionallight.com\/wp-content\/uploads\/2023\/03\/a-emotional-light-CB04-cabana-thumb-web.jpg 500w, https:\/\/www.a-emotionallight.com\/wp-content\/uploads\/2023\/03\/a-emotional-light-CB04-cabana-thumb-web-300x300.jpg 300w\" sizes=\"(max-width: 500px) 100vw, 500px\" \/><\/span>\n\n    <a class='portfolio_link_class' href='https:\/\/www.a-emotionallight.com\/es\/portfolio_page\/cabana-cb04\/' target='_self'><\/a>\n        <div class=\"text_holder\">\n\t<h4 class=\"portfolio_title\" > Cabana Peque\u00f1a<\/h4><span class=\"excerpt search_hidden\">\n\tLa l\u00e1mpara Cabana busca ofrecer una sensaci\u00f3n de recogimiento y cobijo similar a las cabanas gallegas que serv\u00edan como estructura de protecci\u00f3n de materias primas o como cobijo ante las inclemencias meteorol\u00f3gicas. Es una l\u00e1mpara creada mediante el m\u00e9todo de confecci\u00f3n de punto 3D para la fabricaci\u00f3n de su pantalla, com\u00fanmente utilizado en la industrial textil pero poco aplicado en la iluminaci\u00f3n. Este proceso permite crear pantallas sin costuras y en tres dimensiones, sin generar excedente de tejido. La pieza de sujeci\u00f3n superior, realizada en aluminio, el tejido y la gravedad hacen el resto. El difusor de pergamino aporta el peso para que la l\u00e1mpara tome su forma. Adem\u00e1s, aporta un filtrado de luz que genera una iluminaci\u00f3n homog\u00e9nea muy confortable, como el cobijo de las cabanas. Su colocaci\u00f3n es muy sencilla y facilita el desmontaje para la sustituci\u00f3n de la fuente lum\u00ednica. Adem\u00e1s, de utilizar material reciclado y reciclable, la l\u00e1mpara puede enviarse en un paquete de dimensiones reducidas y estirarse para tomar su forma y volumen final, aminorando su huella de carbono. Se presenta en una gama de tres colores: azul el\u00e9ctrico, naranja y color hueso. Sin embargo, su producci\u00f3n permite el trabajo en diferentes colores y pueden adaptarse a las necesidades de cada proyecto y generar el ambiente adecuado para el espacio y las personas.<\/span>\n\n\t\t\n<\/div>\n    <\/div>\n<\/article>\n<article class=\"portfolio_masonry_item portfolio_category_173 portfolio_category_25 portfolio_category_27 default\">\n    <div class='image_holder overlapping_title_hover'>\n        \n<span class='image'><img loading=\"lazy\" decoding=\"async\" width=\"500\" height=\"500\" src=\"https:\/\/www.a-emotionallight.com\/wp-content\/uploads\/2023\/03\/a-emotional-light-CB04G-cabana-thumb-web-500x500.jpg\" class=\"attachment-portfolio_masonry_regular size-portfolio_masonry_regular wp-post-image\" alt=\"\" srcset=\"https:\/\/www.a-emotionallight.com\/wp-content\/uploads\/2023\/03\/a-emotional-light-CB04G-cabana-thumb-web.jpg 500w, https:\/\/www.a-emotionallight.com\/wp-content\/uploads\/2023\/03\/a-emotional-light-CB04G-cabana-thumb-web-300x300.jpg 300w\" sizes=\"(max-width: 500px) 100vw, 500px\" \/><\/span>\n\n    <a class='portfolio_link_class' href='https:\/\/www.a-emotionallight.com\/es\/portfolio_page\/cabana-cb04g\/' target='_self'><\/a>\n        <div class=\"text_holder\">\n\t<h4 class=\"portfolio_title\" > Cabana Grande<\/h4><span class=\"excerpt search_hidden\">\n\tLa l\u00e1mpara Cabana busca ofrecer una sensaci\u00f3n de recogimiento y cobijo similar a las cabanas gallegas que serv\u00edan como estructura de protecci\u00f3n de materias primas o como cobijo ante las inclemencias meteorol\u00f3gicas. Es una l\u00e1mpara creada mediante el m\u00e9todo de confecci\u00f3n de punto 3D para la fabricaci\u00f3n de su pantalla, com\u00fanmente utilizado en la industrial textil pero poco aplicado en la iluminaci\u00f3n. Este proceso permite crear pantallas sin costuras y en tres dimensiones, sin generar excedente de tejido. La pieza de sujeci\u00f3n superior, realizada en aluminio, el tejido y la gravedad hacen el resto. El difusor de pergamino aporta el peso para que la l\u00e1mpara tome su forma. Adem\u00e1s, aporta un filtrado de luz que genera una iluminaci\u00f3n homog\u00e9nea muy confortable, como el cobijo de las cabanas. Su colocaci\u00f3n es muy sencilla y facilita el desmontaje para la sustituci\u00f3n de la fuente lum\u00ednica. Adem\u00e1s, de utilizar material reciclado y reciclable, la l\u00e1mpara puede enviarse en un paquete de dimensiones reducidas y estirarse para tomar su forma y volumen final, aminorando su huella de carbono. Se presenta en una gama de tres colores: azul el\u00e9ctrico, naranja y color hueso. Sin embargo, su producci\u00f3n permite el trabajo en diferentes colores y pueden adaptarse a las necesidades de cada proyecto y generar el ambiente adecuado para el espacio y las personas.<\/span>\n\n\t\t\n<\/div>\n    <\/div>\n<\/article>\n<article class=\"portfolio_masonry_item portfolio_category_183 portfolio_category_26 portfolio_category_27 default\">\n    <div class='image_holder overlapping_title_hover'>\n        \n<span class='image'><img loading=\"lazy\" decoding=\"async\" width=\"500\" height=\"500\" src=\"https:\/\/www.a-emotionallight.com\/wp-content\/uploads\/2023\/04\/2405_NEWS24_ERA_low_square-500x500.jpg\" class=\"attachment-portfolio_masonry_regular size-portfolio_masonry_regular wp-post-image\" alt=\"\" srcset=\"https:\/\/www.a-emotionallight.com\/wp-content\/uploads\/2023\/04\/2405_NEWS24_ERA_low_square-500x500.jpg 500w, https:\/\/www.a-emotionallight.com\/wp-content\/uploads\/2023\/04\/2405_NEWS24_ERA_low_square-1024x1024.jpg 1024w, https:\/\/www.a-emotionallight.com\/wp-content\/uploads\/2023\/04\/2405_NEWS24_ERA_low_square-640x640.jpg 640w, https:\/\/www.a-emotionallight.com\/wp-content\/uploads\/2023\/04\/2405_NEWS24_ERA_low_square-1536x1536.jpg 1536w, https:\/\/www.a-emotionallight.com\/wp-content\/uploads\/2023\/04\/2405_NEWS24_ERA_low_square-2048x2048.jpg 2048w, https:\/\/www.a-emotionallight.com\/wp-content\/uploads\/2023\/04\/2405_NEWS24_ERA_low_square-550x550.jpg 550w, https:\/\/www.a-emotionallight.com\/wp-content\/uploads\/2023\/04\/2405_NEWS24_ERA_low_square-1000x1000.jpg 1000w, https:\/\/www.a-emotionallight.com\/wp-content\/uploads\/2023\/04\/2405_NEWS24_ERA_low_square-700x700.jpg 700w, https:\/\/www.a-emotionallight.com\/wp-content\/uploads\/2023\/04\/2405_NEWS24_ERA_low_square-1100x1100.jpg 1100w, https:\/\/www.a-emotionallight.com\/wp-content\/uploads\/2023\/04\/2405_NEWS24_ERA_low_square-300x300.jpg 300w\" sizes=\"(max-width: 500px) 100vw, 500px\" \/><\/span>\n\n    <a class='portfolio_link_class' href='https:\/\/www.a-emotionallight.com\/es\/portfolio_page\/era-er01\/' target='_self'><\/a>\n        <div class=\"text_holder\">\n\t<h4 class=\"portfolio_title\" > Era ER01<\/h4><span class=\"excerpt search_hidden\">\n\tTomando la referencia de su definici\u00f3n como espacio f\u00edsico y temporal, la l\u00e1mpara Era reclama el uso del cristal como elemento expresivo y constructivo. Mediante la combinaci\u00f3n de formas se obtiene su m\u00e1xima expresividad a trav\u00e9s de la luz y del color. Era es una l\u00e1mpara de mesa que ensalza lo artesanal, uno de los valores de identidad de la marca y del hacer de su dise\u00f1ador. Con la l\u00e1mpara Era se ha confiado en la experiencia de manos artesanas buscando detalles de excelente factura. La consecuencia del encuentro entre la artesan\u00eda y su dise\u00f1o atemporal, dan como resultado una calidez lum\u00ednica con unas proporciones cl\u00e1sicas para crear ambientes sosegados a trav\u00e9s de una luz que acompa\u00f1a.<\/span>\n\n\t\t\n<\/div>\n    <\/div>\n<\/article>\n<article class=\"portfolio_masonry_item portfolio_category_155 portfolio_category_26 portfolio_category_33 portfolio_category_32 portfolio_category_27 default\">\n    <div class='image_holder overlapping_title_hover'>\n        \n<span class='image'><img loading=\"lazy\" decoding=\"async\" width=\"500\" height=\"500\" src=\"https:\/\/www.a-emotionallight.com\/wp-content\/uploads\/2023\/03\/a-emotional-light-CM01-cambo-thumb-web-1-500x500.jpg\" class=\"attachment-portfolio_masonry_regular size-portfolio_masonry_regular wp-post-image\" alt=\"\" srcset=\"https:\/\/www.a-emotionallight.com\/wp-content\/uploads\/2023\/03\/a-emotional-light-CM01-cambo-thumb-web-1.jpg 500w, https:\/\/www.a-emotionallight.com\/wp-content\/uploads\/2023\/03\/a-emotional-light-CM01-cambo-thumb-web-1-300x300.jpg 300w\" sizes=\"(max-width: 500px) 100vw, 500px\" \/><\/span>\n\n    <a class='portfolio_link_class' href='https:\/\/www.a-emotionallight.com\/es\/portfolio_page\/cambo-cm01\/' target='_self'><\/a>\n        <div class=\"text_holder\">\n\t<h4 class=\"portfolio_title\" > CAMBO CM01<\/h4><span class=\"excerpt search_hidden\">\n\tCambo es la nueva l\u00e1mpara de dise\u00f1o fruto de la colaboraci\u00f3n con el estudio cenlitrosmetrocadrado. La palabra Cambo (de origen gallego) hace referencia a una pieza de madera con un gancho en un extremo, un elemento artesanal presente en la tradici\u00f3n gallega. Con la naturaleza y nuestro entorno como inspiraci\u00f3n, cenlitrosmetrocadrado ha dise\u00f1ado el sistema Cambo bas\u00e1ndose en el crecimiento natural de las plantas, la ramificaci\u00f3n y la bifurcaci\u00f3n de los \u00e1rboles. La visi\u00f3n del entorno natural de Ricardo Tub\u00edo y Xabier Rilo ha dado lugar a un sistema modular que permite configurar diferentes dise\u00f1os con los mismos elementos. Cambo est\u00e1 formada por una estructura de madera de haya con un barniz al agua que permite mostrar el material en su forma m\u00e1s natural. Con esta estructura peculiar, se introduce la malla de acero inoxidable pintada en la tulipa de la l\u00e1mpara que guarda la fuente lum\u00ednica LED integrada.<\/span>\n\n\t\t\n<\/div>\n    <\/div>\n<\/article>\n<article class=\"portfolio_masonry_item portfolio_category_155 portfolio_category_25 portfolio_category_32 portfolio_category_27 default\">\n    <div class='image_holder overlapping_title_hover'>\n        \n<span class='image'><img loading=\"lazy\" decoding=\"async\" width=\"500\" height=\"500\" src=\"https:\/\/www.a-emotionallight.com\/wp-content\/uploads\/2021\/11\/cambo-CM104-thumb-a-emotional-light-550x498-1-500x500.jpg\" class=\"attachment-portfolio_masonry_regular size-portfolio_masonry_regular wp-post-image\" alt=\"\" srcset=\"https:\/\/www.a-emotionallight.com\/wp-content\/uploads\/2021\/11\/cambo-CM104-thumb-a-emotional-light-550x498-1.jpg 500w, https:\/\/www.a-emotionallight.com\/wp-content\/uploads\/2021\/11\/cambo-CM104-thumb-a-emotional-light-550x498-1-300x300.jpg 300w\" sizes=\"(max-width: 500px) 100vw, 500px\" \/><\/span>\n\n    <a class='portfolio_link_class' href='https:\/\/www.a-emotionallight.com\/es\/portfolio_page\/cambo-cm104\/' target='_self'><\/a>\n        <div class=\"text_holder\">\n\t<h4 class=\"portfolio_title\" > Cambo CM104<\/h4><span class=\"excerpt search_hidden\">\n\t\u00b7 \t\t\tRef. CM104  \u00b7  Cambo es la nueva l\u00e1mpara colgante de dise\u00f1o fruto de la colaboraci\u00f3n con el estudio cenlitrosmetrocadrado. La palabra Cambo (de origen gallego) hace referencia a una pieza de madera con un gancho en un extremo, un elemento artesanal presente en la tradici\u00f3n gallega. Con la naturaleza y nuestro entorno como inspiraci\u00f3n, cenlitrosmetrocadrado ha dise\u00f1ado el sistema Cambo bas\u00e1ndose en el crecimiento natural de las plantas, la ramificaci\u00f3n y la bifurcaci\u00f3n de los \u00e1rboles. La visi\u00f3n del entorno natural de Ricardo Tub\u00edo y Xabier Rilo ha dado lugar a un sistema modular que permite configurar diferentes dise\u00f1os con los mismos elementos.\u00a0Cambo est\u00e1 formada por una estructura de madera de haya con un barniz al agua que permite mostrar el material en su forma m\u00e1s natural. Con esta estructura peculiar, se introduce la malla de acero inoxidable pintada en la tulipa de la l\u00e1mpara que guarda la fuente lum\u00ednica LED integrada. \u00b7 colecci\u00f3n cambo  \u00b7 L\u00e1mparas colgantes \u00b7 LED<\/span>\n\n\t\t\n<\/div>\n    <\/div>\n<\/article>\n<article class=\"portfolio_masonry_item portfolio_category_155 portfolio_category_25 portfolio_category_32 portfolio_category_27 default\">\n    <div class='image_holder overlapping_title_hover'>\n        \n<span class='image'><img loading=\"lazy\" decoding=\"async\" width=\"500\" height=\"500\" src=\"https:\/\/www.a-emotionallight.com\/wp-content\/uploads\/2021\/11\/cambo-CM104G-thumb-a-emotional-light-1-550x498-1-500x500.jpg\" class=\"attachment-portfolio_masonry_regular size-portfolio_masonry_regular wp-post-image\" alt=\"\" srcset=\"https:\/\/www.a-emotionallight.com\/wp-content\/uploads\/2021\/11\/cambo-CM104G-thumb-a-emotional-light-1-550x498-1.jpg 500w, https:\/\/www.a-emotionallight.com\/wp-content\/uploads\/2021\/11\/cambo-CM104G-thumb-a-emotional-light-1-550x498-1-300x300.jpg 300w\" sizes=\"(max-width: 500px) 100vw, 500px\" \/><\/span>\n\n    <a class='portfolio_link_class' href='https:\/\/www.a-emotionallight.com\/es\/portfolio_page\/cambo-cm104g\/' target='_self'><\/a>\n        <div class=\"text_holder\">\n\t<h4 class=\"portfolio_title\" > Cambo CM104G<\/h4><span class=\"excerpt search_hidden\">\n\t\u00b7 \t\t\tRef. CM104G Cambo is the new design pendant lamp resulting from the collaboration with the cenlitrosmetrocadrado studio. The word Cambo (of Galician origin) refers to a wooden piece with a hook at one end, a handcrafted element present in the Galician tradition. With nature and our environment as inspiration, cenlitrosmetrocadrado has designed the Cambo system based on the natural growth of plants, the branching and bifurcation of trees. Ricardo Tub\u00edo and Xabier Rilo\u2019s vision of the natural environment has given rise to a modular system that allows different designs to be configured with the same elements.\u00a0 Cambo is made of a beech wood structure with a water-based varnish that allows the material to be shown in its most natural form. With this peculiar structure, the painted stainless steel mesh is introduced into the lampshade which houses the integrated LED light source.  \u00b7 cambo collection  \u00b7 Pendant lamps  \u00b7 New \u00b7 LED<\/span>\n\n\t\t\n<\/div>\n    <\/div>\n<\/article>\n<article class=\"portfolio_masonry_item portfolio_category_155 portfolio_category_25 portfolio_category_32 portfolio_category_27 default\">\n    <div class='image_holder overlapping_title_hover'>\n        \n<span class='image'><img loading=\"lazy\" decoding=\"async\" width=\"500\" height=\"500\" src=\"https:\/\/www.a-emotionallight.com\/wp-content\/uploads\/2023\/03\/a-emotional-light-CM304G-cambo-thumb-web-1-500x500.jpg\" class=\"attachment-portfolio_masonry_regular size-portfolio_masonry_regular wp-post-image\" alt=\"\" srcset=\"https:\/\/www.a-emotionallight.com\/wp-content\/uploads\/2023\/03\/a-emotional-light-CM304G-cambo-thumb-web-1.jpg 500w, https:\/\/www.a-emotionallight.com\/wp-content\/uploads\/2023\/03\/a-emotional-light-CM304G-cambo-thumb-web-1-300x300.jpg 300w\" sizes=\"(max-width: 500px) 100vw, 500px\" \/><\/span>\n\n    <a class='portfolio_link_class' href='https:\/\/www.a-emotionallight.com\/es\/portfolio_page\/cambo-cm304\/' target='_self'><\/a>\n        <div class=\"text_holder\">\n\t<h4 class=\"portfolio_title\" > CAMBO CM304<\/h4><span class=\"excerpt search_hidden\">\n\tCambo es la nueva l\u00e1mpara de dise\u00f1o fruto de la colaboraci\u00f3n con el estudio cenlitrosmetrocadrado. La palabra Cambo (de origen gallego) hace referencia a una pieza de madera con un gancho en un extremo, un elemento artesanal presente en la tradici\u00f3n gallega. Con la naturaleza y nuestro entorno como inspiraci\u00f3n, cenlitrosmetrocadrado ha dise\u00f1ado el sistema Cambo bas\u00e1ndose en el crecimiento natural de las plantas, la ramificaci\u00f3n y la bifurcaci\u00f3n de los \u00e1rboles. La visi\u00f3n del entorno natural de Ricardo Tub\u00edo y Xabier Rilo ha dado lugar a un sistema modular que permite configurar diferentes dise\u00f1os con los mismos elementos. Cambo est\u00e1 formada por una estructura de madera de haya con un barniz al agua que permite mostrar el material en su forma m\u00e1s natural. Con esta estructura peculiar, se introduce la malla de acero inoxidable pintada en la tulipa de la l\u00e1mpara que guarda la fuente lum\u00ednica LED integrada.<\/span>\n\n\t\t\n<\/div>\n    <\/div>\n<\/article>\n<article class=\"portfolio_masonry_item portfolio_category_153 portfolio_category_25 portfolio_category_27 default\">\n    <div class='image_holder overlapping_title_hover'>\n        \n<span class='image'><img loading=\"lazy\" decoding=\"async\" width=\"500\" height=\"500\" src=\"https:\/\/www.a-emotionallight.com\/wp-content\/uploads\/2023\/03\/a-emotional-light-IN04-mini-inn-thumb-web-1-500x500.jpg\" class=\"attachment-portfolio_masonry_regular size-portfolio_masonry_regular wp-post-image\" alt=\"\" srcset=\"https:\/\/www.a-emotionallight.com\/wp-content\/uploads\/2023\/03\/a-emotional-light-IN04-mini-inn-thumb-web-1.jpg 500w, https:\/\/www.a-emotionallight.com\/wp-content\/uploads\/2023\/03\/a-emotional-light-IN04-mini-inn-thumb-web-1-300x300.jpg 300w\" sizes=\"(max-width: 500px) 100vw, 500px\" \/><\/span>\n\n    <a class='portfolio_link_class' href='https:\/\/www.a-emotionallight.com\/es\/portfolio_page\/inn-in04-mini\/' target='_self'><\/a>\n        <div class=\"text_holder\">\n\t<h4 class=\"portfolio_title\" > Inn IN04 Mini<\/h4><span class=\"excerpt search_hidden\">\n\tInn es la nueva l\u00e1mpara colgante desarrollada \u00edntegramente por nuestro equipo interno de dise\u00f1o. Una forma c\u00f3nica en la que confluyen pasado, presente y futuro.\u00a0Inn es un nuevo dise\u00f1o donde la malla de acero inoxidable sigue siendo la protagonista y en el que se reinterpretan formas geom\u00e9tricas con un toque org\u00e1nico. Profundizamos en las emociones y unimos l\u00edneas como caminos que siempre dan a ese lugar en com\u00fan: la luz.<\/span>\n\n\t\t\n<\/div>\n    <\/div>\n<\/article>\n<article class=\"portfolio_masonry_item portfolio_category_153 portfolio_category_25 portfolio_category_27 default\">\n    <div class='image_holder overlapping_title_hover'>\n        \n<span class='image'><img loading=\"lazy\" decoding=\"async\" width=\"500\" height=\"500\" src=\"https:\/\/www.a-emotionallight.com\/wp-content\/uploads\/2023\/03\/a-emotional-light-IN04-inn-thumb-web-1-500x500.jpg\" class=\"attachment-portfolio_masonry_regular size-portfolio_masonry_regular wp-post-image\" alt=\"\" srcset=\"https:\/\/www.a-emotionallight.com\/wp-content\/uploads\/2023\/03\/a-emotional-light-IN04-inn-thumb-web-1.jpg 500w, https:\/\/www.a-emotionallight.com\/wp-content\/uploads\/2023\/03\/a-emotional-light-IN04-inn-thumb-web-1-300x300.jpg 300w\" sizes=\"(max-width: 500px) 100vw, 500px\" \/><\/span>\n\n    <a class='portfolio_link_class' href='https:\/\/www.a-emotionallight.com\/es\/portfolio_page\/inn-in04\/' target='_self'><\/a>\n        <div class=\"text_holder\">\n\t<h4 class=\"portfolio_title\" > Inn IN04<\/h4><span class=\"excerpt search_hidden\">\n\tInn es la nueva l\u00e1mpara colgante desarrollada \u00edntegramente por nuestro equipo interno de dise\u00f1o. Una forma c\u00f3nica en la que confluyen pasado, presente y futuro.\u00a0Inn es un nuevo dise\u00f1o donde la malla de acero inoxidable sigue siendo la protagonista y en el que se reinterpretan formas geom\u00e9tricas con un toque org\u00e1nico. Profundizamos en las emociones y unimos l\u00edneas como caminos que siempre dan a ese lugar en com\u00fan: la luz.<\/span>\n\n\t\t\n<\/div>\n    <\/div>\n<\/article>\n<article class=\"portfolio_masonry_item portfolio_category_124 portfolio_category_25 portfolio_category_27 default\">\n    <div class='image_holder overlapping_title_hover'>\n        \n<span class='image'><img loading=\"lazy\" decoding=\"async\" width=\"500\" height=\"500\" src=\"https:\/\/www.a-emotionallight.com\/wp-content\/uploads\/2023\/03\/a-emotional-light-AG104-agasallo-thumb-web-1-500x500.jpg\" class=\"attachment-portfolio_masonry_regular size-portfolio_masonry_regular wp-post-image\" alt=\"\" srcset=\"https:\/\/www.a-emotionallight.com\/wp-content\/uploads\/2023\/03\/a-emotional-light-AG104-agasallo-thumb-web-1.jpg 500w, https:\/\/www.a-emotionallight.com\/wp-content\/uploads\/2023\/03\/a-emotional-light-AG104-agasallo-thumb-web-1-300x300.jpg 300w\" sizes=\"(max-width: 500px) 100vw, 500px\" \/><\/span>\n\n    <a class='portfolio_link_class' href='https:\/\/www.a-emotionallight.com\/es\/portfolio_page\/agasallo-ag104\/' target='_self'><\/a>\n        <div class=\"text_holder\">\n\t<h4 class=\"portfolio_title\" > AGASALLO AG104<\/h4><span class=\"excerpt search_hidden\">\n\tAgasallo, que significa \u201cregalo\u201d en gallego es la nueva colecci\u00f3n de H\u00e9ctor Serrano. Sus formas y su pintado a mano generan efectos de luz \u00fanicos que se proyectan en el espacio creando una atm\u00f3sfera singular. Disponible en cuatro medidas de colgante que se pueden combinar a diferentes alturas creando m\u00faltiples composiciones. Agasallo, es una de las l\u00e1mparas colgantes m\u00e1s voluminosa de la colecci\u00f3n. Sus formas y su pintado a mano en Espa\u00f1a generan efectos de luz \u00fanicos que se proyectan en el espacio.<\/span>\n\n\t\t\n<\/div>\n    <\/div>\n<\/article>\n<article class=\"portfolio_masonry_item portfolio_category_124 portfolio_category_25 portfolio_category_27 default\">\n    <div class='image_holder overlapping_title_hover'>\n        \n<span class='image'><img loading=\"lazy\" decoding=\"async\" width=\"500\" height=\"500\" src=\"https:\/\/www.a-emotionallight.com\/wp-content\/uploads\/2023\/03\/a-emotional-light-AG204-agasallo-thumb-web-1-500x500.jpg\" class=\"attachment-portfolio_masonry_regular size-portfolio_masonry_regular wp-post-image\" alt=\"\" srcset=\"https:\/\/www.a-emotionallight.com\/wp-content\/uploads\/2023\/03\/a-emotional-light-AG204-agasallo-thumb-web-1.jpg 500w, https:\/\/www.a-emotionallight.com\/wp-content\/uploads\/2023\/03\/a-emotional-light-AG204-agasallo-thumb-web-1-300x300.jpg 300w\" sizes=\"(max-width: 500px) 100vw, 500px\" \/><\/span>\n\n    <a class='portfolio_link_class' href='https:\/\/www.a-emotionallight.com\/es\/portfolio_page\/agasallo-ag204\/' target='_self'><\/a>\n        <div class=\"text_holder\">\n\t<h4 class=\"portfolio_title\" > AGASALLO AG204<\/h4><span class=\"excerpt search_hidden\">\n\tAgasallo, que significa \u201cregalo\u201d en gallego es la nueva colecci\u00f3n de H\u00e9ctor Serrano. Sus formas y su pintado a mano generan efectos de luz \u00fanicos que se proyectan en el espacio creando una atm\u00f3sfera singular. Disponible en cuatro medidas de colgante que se pueden combinar a diferentes alturas creando m\u00faltiples composiciones. Agasallo, es una de las l\u00e1mparas colgantes m\u00e1s voluminosa de la colecci\u00f3n. Sus formas y su pintado a mano en Espa\u00f1a generan efectos de luz \u00fanicos que se proyectan en el espacio.<\/span>\n\n\t\t\n<\/div>\n    <\/div>\n<\/article>\n<article class=\"portfolio_masonry_item portfolio_category_202 portfolio_category_124 portfolio_category_25 portfolio_category_27 default\">\n    <div class='image_holder overlapping_title_hover'>\n        \n<span class='image'><img loading=\"lazy\" decoding=\"async\" width=\"500\" height=\"500\" src=\"https:\/\/www.a-emotionallight.com\/wp-content\/uploads\/2023\/03\/a-emotional-light-AG304-agasallo-thumb-web-1-500x500.jpg\" class=\"attachment-portfolio_masonry_regular size-portfolio_masonry_regular wp-post-image\" alt=\"\" srcset=\"https:\/\/www.a-emotionallight.com\/wp-content\/uploads\/2023\/03\/a-emotional-light-AG304-agasallo-thumb-web-1.jpg 500w, https:\/\/www.a-emotionallight.com\/wp-content\/uploads\/2023\/03\/a-emotional-light-AG304-agasallo-thumb-web-1-300x300.jpg 300w\" sizes=\"(max-width: 500px) 100vw, 500px\" \/><\/span>\n\n    <a class='portfolio_link_class' href='https:\/\/www.a-emotionallight.com\/es\/portfolio_page\/agasallo-ag304\/' target='_self'><\/a>\n        <div class=\"text_holder\">\n\t<h4 class=\"portfolio_title\" > AGASALLO AG304<\/h4><span class=\"excerpt search_hidden\">\n\tAgasallo, que significa \u201cregalo\u201d en gallego es la nueva colecci\u00f3n de H\u00e9ctor Serrano. Sus formas y su pintado a mano generan efectos de luz \u00fanicos que se proyectan en el espacio creando una atm\u00f3sfera singular. Disponible en cuatro medidas de colgante que se pueden combinar a diferentes alturas creando m\u00faltiples composiciones. Agasallo, es una de las l\u00e1mparas colgantes m\u00e1s voluminosa de la colecci\u00f3n. Sus formas y su pintado a mano en Espa\u00f1a generan efectos de luz \u00fanicos que se proyectan en el espacio.<\/span>\n\n\t\t\n<\/div>\n    <\/div>\n<\/article>\n<article class=\"portfolio_masonry_item portfolio_category_124 portfolio_category_25 portfolio_category_27 default\">\n    <div class='image_holder overlapping_title_hover'>\n        \n<span class='image'><img loading=\"lazy\" decoding=\"async\" width=\"500\" height=\"500\" src=\"https:\/\/www.a-emotionallight.com\/wp-content\/uploads\/2023\/03\/a-emotional-light-AG404-agasallo-thumb-web-2-500x500.jpg\" class=\"attachment-portfolio_masonry_regular size-portfolio_masonry_regular wp-post-image\" alt=\"\" srcset=\"https:\/\/www.a-emotionallight.com\/wp-content\/uploads\/2023\/03\/a-emotional-light-AG404-agasallo-thumb-web-2.jpg 500w, https:\/\/www.a-emotionallight.com\/wp-content\/uploads\/2023\/03\/a-emotional-light-AG404-agasallo-thumb-web-2-300x300.jpg 300w\" sizes=\"(max-width: 500px) 100vw, 500px\" \/><\/span>\n\n    <a class='portfolio_link_class' href='https:\/\/www.a-emotionallight.com\/es\/portfolio_page\/agasallo-ag404\/' target='_self'><\/a>\n        <div class=\"text_holder\">\n\t<h4 class=\"portfolio_title\" > AGASALLO AG404<\/h4><span class=\"excerpt search_hidden\">\n\tAgasallo, que significa \u201cregalo\u201d en gallego es la nueva colecci\u00f3n de H\u00e9ctor Serrano. Sus formas y su pintado a mano generan efectos de luz \u00fanicos que se proyectan en el espacio creando una atm\u00f3sfera singular. Disponible en cuatro medidas de colgante que se pueden combinar a diferentes alturas creando m\u00faltiples composiciones. Agasallo, es una de las l\u00e1mparas colgantes m\u00e1s voluminosa de la colecci\u00f3n. Sus formas y su pintado a mano en Espa\u00f1a generan efectos de luz \u00fanicos que se proyectan en el espacio.<\/span>\n\n\t\t\n<\/div>\n    <\/div>\n<\/article>\n<article class=\"portfolio_masonry_item portfolio_category_89 portfolio_category_25 portfolio_category_32 portfolio_category_27 default\">\n    <div class='image_holder overlapping_title_hover'>\n        \n<span class='image'><img loading=\"lazy\" decoding=\"async\" width=\"500\" height=\"500\" src=\"https:\/\/www.a-emotionallight.com\/wp-content\/uploads\/2024\/05\/PORTADAS-PRODUCTO_ONN-MINI.jpg\" class=\"attachment-portfolio_masonry_regular size-portfolio_masonry_regular wp-post-image\" alt=\"\" srcset=\"https:\/\/www.a-emotionallight.com\/wp-content\/uploads\/2024\/05\/PORTADAS-PRODUCTO_ONN-MINI.jpg 500w, https:\/\/www.a-emotionallight.com\/wp-content\/uploads\/2024\/05\/PORTADAS-PRODUCTO_ONN-MINI-300x300.jpg 300w\" sizes=\"(max-width: 500px) 100vw, 500px\" \/><\/span>\n\n    <a class='portfolio_link_class' href='https:\/\/www.a-emotionallight.com\/es\/portfolio_page\/onn-mini\/' target='_self'><\/a>\n        <div class=\"text_holder\">\n\t<h4 class=\"portfolio_title\" > Onn Mini<\/h4><span class=\"excerpt search_hidden\">\n\t\u00b7 \t\t\tRef. ON04-1  \u00b7 Ref. ON04-01-LD (LED)  | Onn es una colecci\u00f3n de l\u00e1mparas realizadas en malla de acero inoxidable pintada. Evocan el mundo marino; conchas, algas, corales surgen con fuerza llenos de dinamismo y vitalidad. Ideales para paredes, mesas y techos permiten generar interesantes composiciones a trav\u00e9s de sus inusuales formas  |  \u00b7 colecci\u00f3n onn  \u00b7 L\u00e1mparas colgantes  \u00b7 LED<\/span>\n\n\t\t\n<\/div>\n    <\/div>\n<\/article>\n<article class=\"portfolio_masonry_item portfolio_category_90 portfolio_category_25 portfolio_category_27 default\">\n    <div class='image_holder overlapping_title_hover'>\n        \n<span class='image'><img loading=\"lazy\" decoding=\"async\" width=\"500\" height=\"500\" src=\"https:\/\/www.a-emotionallight.com\/wp-content\/uploads\/2017\/02\/pili-mini-pendant-lamp-by-arturo-alvarez-thumb-500x500.jpg\" class=\"attachment-portfolio_masonry_regular size-portfolio_masonry_regular wp-post-image\" alt=\"\" \/><\/span>\n\n    <a class='portfolio_link_class' href='https:\/\/www.a-emotionallight.com\/es\/portfolio_page\/pili-mini\/' target='_self'><\/a>\n        <div class=\"text_holder\">\n\t<h4 class=\"portfolio_title\" > Pili Mini<\/h4><span class=\"excerpt search_hidden\">\n\tUn \u00fanico hilo de acero inoxidable pintado se entrelaza creando vol\u00famenes aleatorios sin orden, entretejiendo una irregularidad arm\u00f3nica y envolvente llena de encanto y misterio, por la que escapa caprichosa la luz. Se presenta en dos tama\u00f1os, permitiendo generar composiciones, de gran impacto visual, con la combinaci\u00f3n de varias unidades.<\/span>\n\n\t\t\n<\/div>\n    <\/div>\n<\/article>\n<article class=\"portfolio_masonry_item portfolio_category_151 portfolio_category_25 portfolio_category_32 portfolio_category_27 default\">\n    <div class='image_holder overlapping_title_hover'>\n        \n<span class='image'><img loading=\"lazy\" decoding=\"async\" width=\"500\" height=\"500\" src=\"https:\/\/www.a-emotionallight.com\/wp-content\/uploads\/2023\/03\/a-emotional-light-LA04-mini-lea-thumb-web-500x500.jpg\" class=\"attachment-portfolio_masonry_regular size-portfolio_masonry_regular wp-post-image\" alt=\"\" srcset=\"https:\/\/www.a-emotionallight.com\/wp-content\/uploads\/2023\/03\/a-emotional-light-LA04-mini-lea-thumb-web.jpg 500w, https:\/\/www.a-emotionallight.com\/wp-content\/uploads\/2023\/03\/a-emotional-light-LA04-mini-lea-thumb-web-300x300.jpg 300w\" sizes=\"(max-width: 500px) 100vw, 500px\" \/><\/span>\n\n    <a class='portfolio_link_class' href='https:\/\/www.a-emotionallight.com\/es\/portfolio_page\/lea-la04-mini\/' target='_self'><\/a>\n        <div class=\"text_holder\">\n\t<h4 class=\"portfolio_title\" > Lea LA04 mini<\/h4><span class=\"excerpt search_hidden\">\n\tLea es el resultado de unir experimentaci\u00f3n, sue\u00f1os y trabajo con las manos. El nuevo dise\u00f1o de a-emotional light es una apuesta por el dise\u00f1ador novel Rafa Alonso. De crear un espacio para so\u00f1ar y contar cuentos a sus alumnos, nace Lea, una estrella que brilla en el cielo, te acoge y gu\u00eda. Inspirada en los sue\u00f1os, las estrellas y las ilusiones, Lea es la representaci\u00f3n de lo que un maestro es para sus alumnos, la met\u00e1fora de una luz que ilumina y gu\u00eda el camino. La l\u00e1mpara de dise\u00f1o org\u00e1nico est\u00e1 disponible en versi\u00f3n colgante LED.<\/span>\n\n\t\t\n<\/div>\n    <\/div>\n<\/article>\n<article class=\"portfolio_masonry_item portfolio_category_151 portfolio_category_25 portfolio_category_32 portfolio_category_27 default\">\n    <div class='image_holder overlapping_title_hover'>\n        \n<span class='image'><img loading=\"lazy\" decoding=\"async\" width=\"500\" height=\"500\" src=\"https:\/\/www.a-emotionallight.com\/wp-content\/uploads\/2023\/03\/a-emotional-light-LA04G-lea-thumb-web-1-500x500.jpg\" class=\"attachment-portfolio_masonry_regular size-portfolio_masonry_regular wp-post-image\" alt=\"\" srcset=\"https:\/\/www.a-emotionallight.com\/wp-content\/uploads\/2023\/03\/a-emotional-light-LA04G-lea-thumb-web-1.jpg 500w, https:\/\/www.a-emotionallight.com\/wp-content\/uploads\/2023\/03\/a-emotional-light-LA04G-lea-thumb-web-1-300x300.jpg 300w\" sizes=\"(max-width: 500px) 100vw, 500px\" \/><\/span>\n\n    <a class='portfolio_link_class' href='https:\/\/www.a-emotionallight.com\/es\/portfolio_page\/lea-la04\/' target='_self'><\/a>\n        <div class=\"text_holder\">\n\t<h4 class=\"portfolio_title\" > Lea LA04<\/h4><span class=\"excerpt search_hidden\">\n\tLea es el resultado de unir experimentaci\u00f3n, sue\u00f1os y trabajo con las manos. El nuevo dise\u00f1o de a-emotional light es una apuesta por el dise\u00f1ador novel Rafa Alonso. De crear un espacio para so\u00f1ar y contar cuentos a sus alumnos, nace Lea, una estrella que brilla en el cielo, te acoge y gu\u00eda. Inspirada en los sue\u00f1os, las estrellas y las ilusiones, Lea es la representaci\u00f3n de lo que un maestro es para sus alumnos, la met\u00e1fora de una luz que ilumina y gu\u00eda el camino. La l\u00e1mpara de dise\u00f1o org\u00e1nico est\u00e1 disponible en versi\u00f3n colgante LED.<\/span>\n\n\t\t\n<\/div>\n    <\/div>\n<\/article>\n<article class=\"portfolio_masonry_item portfolio_category_151 portfolio_category_25 portfolio_category_27 default\">\n    <div class='image_holder overlapping_title_hover'>\n        \n<span class='image'><img loading=\"lazy\" decoding=\"async\" width=\"500\" height=\"500\" src=\"https:\/\/www.a-emotionallight.com\/wp-content\/uploads\/2023\/03\/a-emotional-light-LA04G-lea-thumb-web-1-500x500.jpg\" class=\"attachment-portfolio_masonry_regular size-portfolio_masonry_regular wp-post-image\" alt=\"\" srcset=\"https:\/\/www.a-emotionallight.com\/wp-content\/uploads\/2023\/03\/a-emotional-light-LA04G-lea-thumb-web-1.jpg 500w, https:\/\/www.a-emotionallight.com\/wp-content\/uploads\/2023\/03\/a-emotional-light-LA04G-lea-thumb-web-1-300x300.jpg 300w\" sizes=\"(max-width: 500px) 100vw, 500px\" \/><\/span>\n\n    <a class='portfolio_link_class' href='https:\/\/www.a-emotionallight.com\/es\/portfolio_page\/lea-la04g\/' target='_self'><\/a>\n        <div class=\"text_holder\">\n\t<h4 class=\"portfolio_title\" > Lea LA04G<\/h4><span class=\"excerpt search_hidden\">\n\tLea es el resultado de unir experimentaci\u00f3n, sue\u00f1os y trabajo con las manos. El nuevo dise\u00f1o de a-emotional light es una apuesta por el dise\u00f1ador novel Rafa Alonso. De crear un espacio para so\u00f1ar y contar cuentos a sus alumnos, nace Lea, una estrella que brilla en el cielo, te acoge y gu\u00eda. Inspirada en los sue\u00f1os, las estrellas y las ilusiones, Lea es la representaci\u00f3n de lo que un maestro es para sus alumnos, la met\u00e1fora de una luz que ilumina y gu\u00eda el camino. La l\u00e1mpara de dise\u00f1o org\u00e1nico est\u00e1 disponible en versi\u00f3n colgante LED.<\/span>\n\n\t\t\n<\/div>\n    <\/div>\n<\/article>\n<article class=\"portfolio_masonry_item portfolio_category_170 portfolio_category_32 portfolio_category_27 portfolio_category_36 default\">\n    <div class='image_holder overlapping_title_hover'>\n        \n<span class='image'><img loading=\"lazy\" decoding=\"async\" width=\"500\" height=\"500\" src=\"https:\/\/www.a-emotionallight.com\/wp-content\/uploads\/2023\/03\/anel-collection-AN05-a-emotional-light-space-calida-on-thumb-web-500x500.jpg\" class=\"attachment-portfolio_masonry_regular size-portfolio_masonry_regular wp-post-image\" alt=\"\" srcset=\"https:\/\/www.a-emotionallight.com\/wp-content\/uploads\/2023\/03\/anel-collection-AN05-a-emotional-light-space-calida-on-thumb-web.jpg 500w, https:\/\/www.a-emotionallight.com\/wp-content\/uploads\/2023\/03\/anel-collection-AN05-a-emotional-light-space-calida-on-thumb-web-300x300.jpg 300w\" sizes=\"(max-width: 500px) 100vw, 500px\" \/><\/span>\n\n    <a class='portfolio_link_class' href='https:\/\/www.a-emotionallight.com\/es\/portfolio_page\/anel-an05\/' target='_self'><\/a>\n        <div class=\"text_holder\">\n\t<h4 class=\"portfolio_title\" > ANEL AN05<\/h4><span class=\"excerpt search_hidden\">\n\tA partir de la idea de lucerna y textura, nuestro equipo interno ha desarrollado esta propuesta de plaf\u00f3n y suspensi\u00f3n. La distribuci\u00f3n circular de la luz hace que Anel ofrezca una eficiencia lum\u00ednica adecuada para esta tipolog\u00eda de producto, mientras que el montaje sobre superficie facilitan su instalaci\u00f3n. Los dos cilindros de malla de acero que rodean la fuente de luz conforman un juego de planos, l\u00edneas diagonales texturas y formas conc\u00e9ntricas que hacen de Anel una pieza con est\u00e9tica propia y elegancia.<\/span>\n\n\t\t\n<\/div>\n    <\/div>\n<\/article>\n<article class=\"portfolio_masonry_item portfolio_category_170 portfolio_category_25 portfolio_category_32 portfolio_category_27 default\">\n    <div class='image_holder overlapping_title_hover'>\n        \n<span class='image'><img loading=\"lazy\" decoding=\"async\" width=\"300\" height=\"300\" src=\"https:\/\/www.a-emotionallight.com\/wp-content\/uploads\/2023\/03\/anel-collection-AN04-a-emotional-light-space-calida-on-thumb-web.jpg\" class=\"attachment-portfolio_masonry_regular size-portfolio_masonry_regular wp-post-image\" alt=\"\" \/><\/span>\n\n    <a class='portfolio_link_class' href='https:\/\/www.a-emotionallight.com\/es\/portfolio_page\/anel-an04\/' target='_self'><\/a>\n        <div class=\"text_holder\">\n\t<h4 class=\"portfolio_title\" > ANEL AN04<\/h4><span class=\"excerpt search_hidden\">\n\tA partir de la idea de lucerna y textura, nuestro equipo interno ha desarrollado esta propuesta de plaf\u00f3n y suspensi\u00f3n. La distribuci\u00f3n circular de la luz hace que Anel ofrezca una eficiencia lum\u00ednica adecuada para esta tipolog\u00eda de producto, mientras que el montaje sobre superficie facilitan su instalaci\u00f3n. Los dos cilindros de malla de acero que rodean la fuente de luz conforman un juego de planos, l\u00edneas diagonales texturas y formas conc\u00e9ntricas que hacen de Anel una pieza con est\u00e9tica propia y elegancia.<\/span>\n\n\t\t\n<\/div>\n    <\/div>\n<\/article>\n<\/div>\n[\/vc_column][\/vc_row][vc_row row_type=\u00bbrow\u00bb use_row_as_full_screen_section=\u00bbno\u00bb type=\u00bbfull_width\u00bb text_align=\u00bbcenter\u00bb background_animation=\u00bbnone\u00bb css_animation=\u00bb\u00bb el_class=\u00bbno_results\u00bb][vc_column][vc_raw_html]JTNDaDElMjBjbGFzcyUzRCUyMm5vX3Jlc3VsdHMlMjIlM0VOTyUyMFJFU1VMVFMlM0MlMkZoMSUzRQ==[\/vc_raw_html][\/vc_column][\/vc_row][vc_row row_type=\u00bbrow\u00bb use_row_as_full_screen_section=\u00bbno\u00bb type=\u00bbfull_width\u00bb text_align=\u00bbleft\u00bb background_animation=\u00bbnone\u00bb css_animation=\u00bb\u00bb][vc_column][vc_raw_js]JTNDc2NyaXB0JTIwdHlwZSUzRCUyMnRleHQlMkZqYXZhc2NyaXB0JTIyJTNFJTIwJTBBJTBBJTI4ZnVuY3Rpb24lMjglMjQlMjklMjAlN0IlMEElMDklMEElMjAlMjAlMjAlMjQlMjhkb2N1bWVudCUyOS5yZWFkeSUyOGZ1bmN0aW9uJTI4JTI5JTIwJTdCJTBBJTBBJTIwJTIwJTIwJTIwJTIwJTIwJTIwJTI0JTI4JTI3aDMlMjclMjkuY3NzJTI4JTIwJTIyZGlzcGxheSUyMiUyQyUyMCUyMm5vbmUlMjIlMjAlMjklM0IlMEElMEElMjAlMjAlMjAlMjAlMjAlMjAlMjAlMjQlMjglMjAlMjJib2R5JTIyJTIwJTI5Lm9uJTI4JTIybW91c2VlbnRlciUyMiUyQyUyMCUyMi5pbWFnZV93aXRoX3RleHRfZGVzaWduJTIwYSUyMiUyQyUyMGZ1bmN0aW9uJTI4JTI5JTIwJTdCJTBBJTIwJTIwJTIwJTIwJTIwJTIwJTIwJTIwJTIwJTI0JTI4dGhpcyUyOS5maW5kJTI4JTI3aDMlMjclMjkuY3NzJTI4JTIwJTIyZGlzcGxheSUyMiUyQyUyMCUyMmJsb2NrJTIyJTIwJTI5JTNCJTBBJTIwJTIwJTIwJTIwJTIwJTIwJTIwJTdEJTI5JTNCJTBBJTIwJTIwJTIwJTIwJTIwJTIwJTIwJTI0JTI4JTIwJTIyYm9keSUyMiUyMCUyOS5vbiUyOCUyMm1vdXNlbGVhdmUlMjIlMkMlMjAlMjIuaW1hZ2Vfd2l0aF90ZXh0X2Rlc2lnbiUyMGElMjIlMkMlMjBmdW5jdGlvbiUyOCUyOSUyMCU3QiUwQSUyMCUyMCUyMCUyMCUyMCUyMCUyMCUyMCUyMCUyNCUyOHRoaXMlMjkuZmluZCUyOCUyN2gzJTI3JTI5LmNzcyUyOCUyMCUyMmRpc3BsYXklMjIlMkMlMjAlMjJub25lJTIyJTIwJTI5JTNCJTBBJTIwJTIwJTIwJTIwJTIwJTIwJTIwJTdEJTI5JTNCJTBBJTBBJTBBJTIwJTIwJTIwJTIwJTdEJTI5JTNCJTBBJTBBJTdEJTI5JTI4alF1ZXJ5JTI5JTNCJTBBJTBBJTNDJTJGc2NyaXB0JTNF[\/vc_raw_js][\/vc_column][\/vc_row]<\/p>\n<\/section>","protected":false},"excerpt":{"rendered":"<p>[vc_row row_type=\u00bbrow\u00bb use_row_as_full_screen_section=\u00bbno\u00bb type=\u00bbfull_width\u00bb text_align=\u00bbleft\u00bb background_animation=\u00bbnone\u00bb css_animation=\u00bb\u00bb el_id=\u00bbisotope_search_projects\u00bb css=\u00bb.vc_custom_1624175523058{padding-top: 70px !important;}\u00bb][vc_column el_class=\u00bbportfolio_lamps_search\u00bb][\/vc_column][\/vc_row][vc_row row_type=\u00bbrow\u00bb use_row_as_full_screen_section=\u00bbno\u00bb type=\u00bbfull_width\u00bb text_align=\u00bbcenter\u00bb background_animation=\u00bbnone\u00bb css_animation=\u00bb\u00bb el_class=\u00bbno_results\u00bb][vc_column][vc_raw_html]JTNDaDElMjBjbGFzcyUzRCUyMm5vX3Jlc3VsdHMlMjIlM0VOTyUyMFJFU1VMVFMlM0MlMkZoMSUzRQ==[\/vc_raw_html][\/vc_column][\/vc_row][vc_row row_type=\u00bbrow\u00bb use_row_as_full_screen_section=\u00bbno\u00bb type=\u00bbfull_width\u00bb text_align=\u00bbleft\u00bb background_animation=\u00bbnone\u00bb css_animation=\u00bb\u00bb][vc_column][vc_raw_js]JTNDc2NyaXB0JTIwdHlwZSUzRCUyMnRleHQlMkZqYXZhc2NyaXB0JTIyJTNFJTIwJTBBJTBBJTI4ZnVuY3Rpb24lMjglMjQlMjklMjAlN0IlMEElMDklMEElMjAlMjAlMjAlMjQlMjhkb2N1bWVudCUyOS5yZWFkeSUyOGZ1bmN0aW9uJTI4JTI5JTIwJTdCJTBBJTBBJTIwJTIwJTIwJTIwJTIwJTIwJTIwJTI0JTI4JTI3aDMlMjclMjkuY3NzJTI4JTIwJTIyZGlzcGxheSUyMiUyQyUyMCUyMm5vbmUlMjIlMjAlMjklM0IlMEElMEElMjAlMjAlMjAlMjAlMjAlMjAlMjAlMjQlMjglMjAlMjJib2R5JTIyJTIwJTI5Lm9uJTI4JTIybW91c2VlbnRlciUyMiUyQyUyMCUyMi5pbWFnZV93aXRoX3RleHRfZGVzaWduJTIwYSUyMiUyQyUyMGZ1bmN0aW9uJTI4JTI5JTIwJTdCJTBBJTIwJTIwJTIwJTIwJTIwJTIwJTIwJTIwJTIwJTI0JTI4dGhpcyUyOS5maW5kJTI4JTI3aDMlMjclMjkuY3NzJTI4JTIwJTIyZGlzcGxheSUyMiUyQyUyMCUyMmJsb2NrJTIyJTIwJTI5JTNCJTBBJTIwJTIwJTIwJTIwJTIwJTIwJTIwJTdEJTI5JTNCJTBBJTIwJTIwJTIwJTIwJTIwJTIwJTIwJTI0JTI4JTIwJTIyYm9keSUyMiUyMCUyOS5vbiUyOCUyMm1vdXNlbGVhdmUlMjIlMkMlMjAlMjIuaW1hZ2Vfd2l0aF90ZXh0X2Rlc2lnbiUyMGElMjIlMkMlMjBmdW5jdGlvbiUyOCUyOSUyMCU3QiUwQSUyMCUyMCUyMCUyMCUyMCUyMCUyMCUyMCUyMCUyNCUyOHRoaXMlMjkuZmluZCUyOCUyN2gzJTI3JTI5LmNzcyUyOCUyMCUyMmRpc3BsYXklMjIlMkMlMjAlMjJub25lJTIyJTIwJTI5JTNCJTBBJTIwJTIwJTIwJTIwJTIwJTIwJTIwJTdEJTI5JTNCJTBBJTBBJTBBJTIwJTIwJTIwJTIwJTdEJTI5JTNCJTBBJTBBJTdEJTI5JTI4alF1ZXJ5JTI5JTNCJTBBJTBBJTNDJTJGc2NyaXB0JTNF[\/vc_raw_js][\/vc_column][\/vc_row]<\/p>\n","protected":false},"author":2,"featured_media":0,"parent":0,"menu_order":0,"comment_status":"closed","ping_status":"closed","template":"full_width.php","meta":{"inline_featured_image":false,"footnotes":""},"aioseo_notices":[],"_links":{"self":[{"href":"https:\/\/www.a-emotionallight.com\/es\/wp-json\/wp\/v2\/pages\/44113"}],"collection":[{"href":"https:\/\/www.a-emotionallight.com\/es\/wp-json\/wp\/v2\/pages"}],"about":[{"href":"https:\/\/www.a-emotionallight.com\/es\/wp-json\/wp\/v2\/types\/page"}],"author":[{"embeddable":true,"href":"https:\/\/www.a-emotionallight.com\/es\/wp-json\/wp\/v2\/users\/2"}],"replies":[{"embeddable":true,"href":"https:\/\/www.a-emotionallight.com\/es\/wp-json\/wp\/v2\/comments?post=44113"}],"version-history":[{"count":9,"href":"https:\/\/www.a-emotionallight.com\/es\/wp-json\/wp\/v2\/pages\/44113\/revisions"}],"predecessor-version":[{"id":60707,"href":"https:\/\/www.a-emotionallight.com\/es\/wp-json\/wp\/v2\/pages\/44113\/revisions\/60707"}],"wp:attachment":[{"href":"https:\/\/www.a-emotionallight.com\/es\/wp-json\/wp\/v2\/media?parent=44113"}],"curies":[{"name":"wp","href":"https:\/\/api.w.org\/{rel}","templated":true}]}}