{"id":49852,"date":"2023-04-13T14:59:59","date_gmt":"2023-04-13T14:59:59","guid":{"rendered":"https:\/\/www.a-emotionallight.com\/?page_id=49852"},"modified":"2025-04-07T12:04:27","modified_gmt":"2025-04-07T12:04:27","slug":"coleccion-parga","status":"publish","type":"page","link":"https:\/\/www.a-emotionallight.com\/es\/coleccion-parga\/","title":{"rendered":"colecci\u00f3n parga"},"content":{"rendered":"<section class=\"wpb-content-wrapper\"><p>[vc_row row_type=\u00bbrow\u00bb use_row_as_full_screen_section=\u00bbno\u00bb type=\u00bbfull_width\u00bb text_align=\u00bbleft\u00bb background_animation=\u00bbnone\u00bb css_animation=\u00bb\u00bb][vc_column el_class=\u00bbgeogrotesque_title background_dark\u00bb][vc_column_text el_class=\u00bbtitle_collection\u00bb]<\/p>\n<h2 style=\"text-align: center; padding-bottom: 0px;\">COLECCI\u00d3N PARGA<\/h2>\n<p>[\/vc_column_text][\/vc_column][\/vc_row][vc_row row_type=\u00bbrow\u00bb use_row_as_full_screen_section=\u00bbno\u00bb type=\u00bbfull_width\u00bb text_align=\u00bbleft\u00bb background_animation=\u00bbnone\u00bb css_animation=\u00bb\u00bb][vc_column][vc_column_text css=\u00bb.vc_custom_1624367619536{padding-top: 40px !important;padding-bottom: 40px !important;padding-left: 40px !important;}\u00bb]<\/p>\n<h2 class=\"button_back_all_lamps\" style=\"text-align: left; text-decoration: none;\"><a href=\"https:\/\/www.a-emotionallight.com\/es\/lamparas\/\">\u2190 TODAS LAS L\u00c1MPARAS<\/a><\/h2>\n<p>[\/vc_column_text][\/vc_column][\/vc_row][vc_row row_type=\u00bbrow\u00bb use_row_as_full_screen_section=\u00bbno\u00bb type=\u00bbfull_width\u00bb text_align=\u00bbleft\u00bb background_animation=\u00bbnone\u00bb css_animation=\u00bb\u00bb][vc_column]<div class='projects_holder_outer v3 portfolio_with_space portfolio_with_hover_text  qode-filter-position-top'>\n\n<div class='projects_holder clearfix v3 hover_text portfolio_default_image '>\n\n<article class=\"mix portfolio_category_172 portfolio_category_25 portfolio_category_27\">\n    <div class='image_holder overlapping_title_hover'>\n        \n<span class='image'><img loading=\"lazy\" decoding=\"async\" width=\"550\" height=\"498\" src=\"https:\/\/www.a-emotionallight.com\/wp-content\/uploads\/2025\/04\/PAC104-550x498.png\" class=\"attachment-portfolio-default size-portfolio-default wp-post-image\" alt=\"\" srcset=\"https:\/\/www.a-emotionallight.com\/wp-content\/uploads\/2025\/04\/PAC104-550x498.png 550w, https:\/\/www.a-emotionallight.com\/wp-content\/uploads\/2025\/04\/PAC104-480x434.png 480w, https:\/\/www.a-emotionallight.com\/wp-content\/uploads\/2025\/04\/PAC104-125x112.png 125w\" sizes=\"(max-width: 550px) 100vw, 550px\" \/><\/span>\n                    <a class='portfolio_link_class' href='https:\/\/www.a-emotionallight.com\/es\/portfolio_page\/parga-pac104\/' target='_self'><\/a>\n\t\t\n        <div class=\"text_holder\">\n\t<h4 class=\"portfolio_title\" > PARGA PAC104<\/h4><span class=\"excerpt search_hidden\">\n\tLa piedra y la luz, dos elementos antag\u00f3nicos que Parga une en la b\u00fasqueda de una imagen casi de ficci\u00f3n. La energ\u00eda contenida en el interior de un mineral busca liberarse y salir en forma de un intenso rayo de luz directa. Parga es una colecci\u00f3n que recupera la aplicaci\u00f3n del granito para objetos funcionales y decorativos en espacios interiores, aprovechando la neutralidad crom\u00e1tica y su textura natural. Un conjunto formado por tres piezas de diferentes di\u00e1metros y alturas que emplean un lenguaje formal que remite a la talla l\u00edtica m\u00e1s primigenia y rudimentaria. El material empleado es granito que se extrae de canteras gallegas y proviene del aprovechamiento de descartes contribuyendo a la sostenibilidad desde la materia. El granito que forma Parga es compacto, de tono gris\u00e1ceo claro y uniforme con motas de negro y grano fino.<\/span>\n\n\t\t\n<\/div>\n\n\n    <\/div>\n<\/article>\n<article class=\"mix portfolio_category_172 portfolio_category_25 portfolio_category_27\">\n    <div class='image_holder overlapping_title_hover'>\n        \n<span class='image'><img loading=\"lazy\" decoding=\"async\" width=\"550\" height=\"498\" src=\"https:\/\/www.a-emotionallight.com\/wp-content\/uploads\/2025\/04\/PAC204-550x498.png\" class=\"attachment-portfolio-default size-portfolio-default wp-post-image\" alt=\"\" srcset=\"https:\/\/www.a-emotionallight.com\/wp-content\/uploads\/2025\/04\/PAC204-550x498.png 550w, https:\/\/www.a-emotionallight.com\/wp-content\/uploads\/2025\/04\/PAC204-480x434.png 480w, https:\/\/www.a-emotionallight.com\/wp-content\/uploads\/2025\/04\/PAC204-125x112.png 125w\" sizes=\"(max-width: 550px) 100vw, 550px\" \/><\/span>\n                    <a class='portfolio_link_class' href='https:\/\/www.a-emotionallight.com\/es\/portfolio_page\/parga-pac204\/' target='_self'><\/a>\n\t\t\n        <div class=\"text_holder\">\n\t<h4 class=\"portfolio_title\" > PARGA PAC204<\/h4><span class=\"excerpt search_hidden\">\n\tLa piedra y la luz, dos elementos antag\u00f3nicos que Parga une en la b\u00fasqueda de una imagen casi de ficci\u00f3n. La energ\u00eda contenida en el interior de un mineral busca liberarse y salir en forma de un intenso rayo de luz directa. Parga es una colecci\u00f3n que recupera la aplicaci\u00f3n del granito para objetos funcionales y decorativos en espacios interiores, aprovechando la neutralidad crom\u00e1tica y su textura natural. Un conjunto formado por tres piezas de diferentes di\u00e1metros y alturas que emplean un lenguaje formal que remite a la talla l\u00edtica m\u00e1s primigenia y rudimentaria. El material empleado es granito que se extrae de canteras gallegas y proviene del aprovechamiento de descartes contribuyendo a la sostenibilidad desde la materia. El granito que forma Parga es compacto, de tono gris\u00e1ceo claro y uniforme con motas de negro y grano fino.<\/span>\n\n\t\t\n<\/div>\n\n\n    <\/div>\n<\/article>\n<article class=\"mix portfolio_category_172 portfolio_category_25 portfolio_category_27\">\n    <div class='image_holder overlapping_title_hover'>\n        \n<span class='image'><img loading=\"lazy\" decoding=\"async\" width=\"550\" height=\"498\" src=\"https:\/\/www.a-emotionallight.com\/wp-content\/uploads\/2025\/04\/PAC304-550x498.png\" class=\"attachment-portfolio-default size-portfolio-default wp-post-image\" alt=\"\" srcset=\"https:\/\/www.a-emotionallight.com\/wp-content\/uploads\/2025\/04\/PAC304-550x498.png 550w, https:\/\/www.a-emotionallight.com\/wp-content\/uploads\/2025\/04\/PAC304-480x434.png 480w, https:\/\/www.a-emotionallight.com\/wp-content\/uploads\/2025\/04\/PAC304-125x112.png 125w\" sizes=\"(max-width: 550px) 100vw, 550px\" \/><\/span>\n                    <a class='portfolio_link_class' href='https:\/\/www.a-emotionallight.com\/es\/portfolio_page\/parga-pac304\/' target='_self'><\/a>\n\t\t\n        <div class=\"text_holder\">\n\t<h4 class=\"portfolio_title\" > PARGA PAC304<\/h4><span class=\"excerpt search_hidden\">\n\tLa piedra y la luz, dos elementos antag\u00f3nicos que Parga une en la b\u00fasqueda de una imagen casi de ficci\u00f3n. La energ\u00eda contenida en el interior de un mineral busca liberarse y salir en forma de un intenso rayo de luz directa. Parga es una colecci\u00f3n que recupera la aplicaci\u00f3n del granito para objetos funcionales y decorativos en espacios interiores, aprovechando la neutralidad crom\u00e1tica y su textura natural. Un conjunto formado por tres piezas de diferentes di\u00e1metros y alturas que emplean un lenguaje formal que remite a la talla l\u00edtica m\u00e1s primigenia y rudimentaria. El material empleado es granito que se extrae de canteras gallegas y proviene del aprovechamiento de descartes contribuyendo a la sostenibilidad desde la materia. El granito que forma Parga es compacto, de tono gris\u00e1ceo claro y uniforme con motas de negro y grano fino.<\/span>\n\n\t\t\n<\/div>\n\n\n    <\/div>\n<\/article>\n<article class=\"mix portfolio_category_172 portfolio_category_25 portfolio_category_32 portfolio_category_27\">\n    <div class='image_holder overlapping_title_hover'>\n        \n<span class='image'><img loading=\"lazy\" decoding=\"async\" width=\"500\" height=\"498\" src=\"https:\/\/www.a-emotionallight.com\/wp-content\/uploads\/2023\/03\/a-emotional-light-PA104-parga-thumb-web-500x498.jpg\" class=\"attachment-portfolio-default size-portfolio-default wp-post-image\" alt=\"\" srcset=\"https:\/\/www.a-emotionallight.com\/wp-content\/uploads\/2023\/03\/a-emotional-light-PA104-parga-thumb-web-500x498.jpg 500w, https:\/\/www.a-emotionallight.com\/wp-content\/uploads\/2023\/03\/a-emotional-light-PA104-parga-thumb-web-300x300.jpg 300w\" sizes=\"(max-width: 500px) 100vw, 500px\" \/><\/span>\n                    <a class='portfolio_link_class' href='https:\/\/www.a-emotionallight.com\/es\/portfolio_page\/parga-pa104\/' target='_self'><\/a>\n\t\t\n        <div class=\"text_holder\">\n\t<h4 class=\"portfolio_title\" > PARGA PA104<\/h4><span class=\"excerpt search_hidden\">\n\tLa piedra y la luz, dos elementos antag\u00f3nicos que Parga une en la b\u00fasqueda de una imagen casi de ficci\u00f3n. La energ\u00eda contenida en el interior de un mineral busca liberarse y salir en forma de un intenso rayo de luz directa. Parga es una colecci\u00f3n que recupera la aplicaci\u00f3n del granito para objetos funcionales y decorativos en espacios interiores, aprovechando la neutralidad crom\u00e1tica y su textura natural. Un conjunto formado por tres piezas de diferentes di\u00e1metros y alturas que emplean un lenguaje formal que remite a la talla l\u00edtica m\u00e1s primigenia y rudimentaria. El material empleado es granito que se extrae de canteras gallegas y proviene del aprovechamiento de descartes contribuyendo a la sostenibilidad desde la materia. El granito que forma Parga es compacto, de tono gris\u00e1ceo claro y uniforme con motas de negro y grano fino.<\/span>\n\n\t\t\n<\/div>\n\n\n    <\/div>\n<\/article>\n<article class=\"mix portfolio_category_172 portfolio_category_25 portfolio_category_32 portfolio_category_27\">\n    <div class='image_holder overlapping_title_hover'>\n        \n<span class='image'><img loading=\"lazy\" decoding=\"async\" width=\"500\" height=\"498\" src=\"https:\/\/www.a-emotionallight.com\/wp-content\/uploads\/2023\/03\/a-emotional-light-PAC204-parga-thumb-web-500x498.jpg\" class=\"attachment-portfolio-default size-portfolio-default wp-post-image\" alt=\"\" srcset=\"https:\/\/www.a-emotionallight.com\/wp-content\/uploads\/2023\/03\/a-emotional-light-PAC204-parga-thumb-web-500x498.jpg 500w, https:\/\/www.a-emotionallight.com\/wp-content\/uploads\/2023\/03\/a-emotional-light-PAC204-parga-thumb-web-300x300.jpg 300w\" sizes=\"(max-width: 500px) 100vw, 500px\" \/><\/span>\n                    <a class='portfolio_link_class' href='https:\/\/www.a-emotionallight.com\/es\/portfolio_page\/parga-pa204\/' target='_self'><\/a>\n\t\t\n        <div class=\"text_holder\">\n\t<h4 class=\"portfolio_title\" > PARGA PA204<\/h4><span class=\"excerpt search_hidden\">\n\tLa piedra y la luz, dos elementos antag\u00f3nicos que Parga une en la b\u00fasqueda de una imagen casi de ficci\u00f3n. La energ\u00eda contenida en el interior de un mineral busca liberarse y salir en forma de un intenso rayo de luz directa. Parga es una colecci\u00f3n que recupera la aplicaci\u00f3n del granito para objetos funcionales y decorativos en espacios interiores, aprovechando la neutralidad crom\u00e1tica y su textura natural. Un conjunto formado por tres piezas de diferentes di\u00e1metros y alturas que emplean un lenguaje formal que remite a la talla l\u00edtica m\u00e1s primigenia y rudimentaria. El material empleado es granito que se extrae de canteras gallegas y proviene del aprovechamiento de descartes contribuyendo a la sostenibilidad desde la materia. El granito que forma Parga es compacto, de tono gris\u00e1ceo claro y uniforme con motas de negro y grano fino.<\/span>\n\n\t\t\n<\/div>\n\n\n    <\/div>\n<\/article>\n<article class=\"mix portfolio_category_172 portfolio_category_25 portfolio_category_32 portfolio_category_27\">\n    <div class='image_holder overlapping_title_hover'>\n        \n<span class='image'><img loading=\"lazy\" decoding=\"async\" width=\"500\" height=\"498\" src=\"https:\/\/www.a-emotionallight.com\/wp-content\/uploads\/2023\/03\/a-emotional-light-PA304-parga-thumb-web-500x498.jpg\" class=\"attachment-portfolio-default size-portfolio-default wp-post-image\" alt=\"\" srcset=\"https:\/\/www.a-emotionallight.com\/wp-content\/uploads\/2023\/03\/a-emotional-light-PA304-parga-thumb-web-500x498.jpg 500w, https:\/\/www.a-emotionallight.com\/wp-content\/uploads\/2023\/03\/a-emotional-light-PA304-parga-thumb-web-300x300.jpg 300w\" sizes=\"(max-width: 500px) 100vw, 500px\" \/><\/span>\n                    <a class='portfolio_link_class' href='https:\/\/www.a-emotionallight.com\/es\/portfolio_page\/parga-pa304\/' target='_self'><\/a>\n\t\t\n        <div class=\"text_holder\">\n\t<h4 class=\"portfolio_title\" > PARGA PA304<\/h4><span class=\"excerpt search_hidden\">\n\tLa piedra y la luz, dos elementos antag\u00f3nicos que Parga une en la b\u00fasqueda de una imagen casi de ficci\u00f3n. La energ\u00eda contenida en el interior de un mineral busca liberarse y salir en forma de un intenso rayo de luz directa. Parga es una colecci\u00f3n que recupera la aplicaci\u00f3n del granito para objetos funcionales y decorativos en espacios interiores, aprovechando la neutralidad crom\u00e1tica y su textura natural. Un conjunto formado por tres piezas de diferentes di\u00e1metros y alturas que emplean un lenguaje formal que remite a la talla l\u00edtica m\u00e1s primigenia y rudimentaria. El material empleado es granito que se extrae de canteras gallegas y proviene del aprovechamiento de descartes contribuyendo a la sostenibilidad desde la materia. El granito que forma Parga es compacto, de tono gris\u00e1ceo claro y uniforme con motas de negro y grano fino.<\/span>\n\n\t\t\n<\/div>\n\n\n    <\/div>\n<\/article>\n<article class=\"mix portfolio_category_172 portfolio_category_25 portfolio_category_32 portfolio_category_27\">\n    <div class='image_holder overlapping_title_hover'>\n        \n<span class='image'><img loading=\"lazy\" decoding=\"async\" width=\"500\" height=\"498\" src=\"https:\/\/www.a-emotionallight.com\/wp-content\/uploads\/2024\/05\/PORTADA-PRODUCTO_PARGA-1-500x498.jpg\" class=\"attachment-portfolio-default size-portfolio-default wp-post-image\" alt=\"\" srcset=\"https:\/\/www.a-emotionallight.com\/wp-content\/uploads\/2024\/05\/PORTADA-PRODUCTO_PARGA-1-500x498.jpg 500w, https:\/\/www.a-emotionallight.com\/wp-content\/uploads\/2024\/05\/PORTADA-PRODUCTO_PARGA-1-300x300.jpg 300w\" sizes=\"(max-width: 500px) 100vw, 500px\" \/><\/span>\n                    <a class='portfolio_link_class' href='https:\/\/www.a-emotionallight.com\/es\/portfolio_page\/parga-pa04-3\/' target='_self'><\/a>\n\t\t\n        <div class=\"text_holder\">\n\t<h4 class=\"portfolio_title\" > Composici\u00f3n Parga<\/h4><span class=\"excerpt search_hidden\">\n\tLa piedra y la luz, dos elementos antag\u00f3nicos que Parga une en la b\u00fasqueda de una imagen casi de ficci\u00f3n. La energ\u00eda contenida en el interior de un mineral busca liberarse y salir en forma de un intenso rayo de luz directa. Parga es una colecci\u00f3n que recupera la aplicaci\u00f3n del granito para objetos funcionales y decorativos en espacios interiores, aprovechando la neutralidad crom\u00e1tica y su textura natural. Un conjunto formado por tres piezas de diferentes di\u00e1metros y alturas que emplean un lenguaje formal que remite a la talla l\u00edtica m\u00e1s primigenia y rudimentaria. El material empleado es granito que se extrae de canteras gallegas y proviene del aprovechamiento de descartes contribuyendo a la sostenibilidad desde la materia. El granito que forma Parga es compacto, de tono gris\u00e1ceo claro y uniforme con motas de negro y grano fino.<\/span>\n\n\t\t\n<\/div>\n\n\n    <\/div>\n<\/article>\n\t\t\t\t<div class='filler'><\/div>\n\t\t\t\t\t\t\t<div class='filler'><\/div>\n\t\t\t\t\t\t\t<div class='filler'><\/div>\n\t\t\t<\/div>\n    <\/div>\n[\/vc_column][\/vc_row]<\/p>\n<\/section>","protected":false},"excerpt":{"rendered":"<p>[vc_row row_type=\u00bbrow\u00bb use_row_as_full_screen_section=\u00bbno\u00bb type=\u00bbfull_width\u00bb text_align=\u00bbleft\u00bb background_animation=\u00bbnone\u00bb css_animation=\u00bb\u00bb][vc_column el_class=\u00bbgeogrotesque_title background_dark\u00bb][vc_column_text el_class=\u00bbtitle_collection\u00bb] COLECCI\u00d3N PARGA [\/vc_column_text][\/vc_column][\/vc_row][vc_row row_type=\u00bbrow\u00bb use_row_as_full_screen_section=\u00bbno\u00bb type=\u00bbfull_width\u00bb text_align=\u00bbleft\u00bb background_animation=\u00bbnone\u00bb css_animation=\u00bb\u00bb][vc_column][vc_column_text css=\u00bb.vc_custom_1624367619536{padding-top: 40px !important;padding-bottom: 40px !important;padding-left: 40px !important;}\u00bb] \u2190 TODAS LAS L\u00c1MPARAS [\/vc_column_text][\/vc_column][\/vc_row][vc_row row_type=\u00bbrow\u00bb use_row_as_full_screen_section=\u00bbno\u00bb type=\u00bbfull_width\u00bb text_align=\u00bbleft\u00bb background_animation=\u00bbnone\u00bb css_animation=\u00bb\u00bb][vc_column][\/vc_column][\/vc_row]<\/p>\n","protected":false},"author":2,"featured_media":50792,"parent":0,"menu_order":0,"comment_status":"closed","ping_status":"closed","template":"full_width.php","meta":{"inline_featured_image":false,"footnotes":""},"aioseo_notices":[],"_links":{"self":[{"href":"https:\/\/www.a-emotionallight.com\/es\/wp-json\/wp\/v2\/pages\/49852"}],"collection":[{"href":"https:\/\/www.a-emotionallight.com\/es\/wp-json\/wp\/v2\/pages"}],"about":[{"href":"https:\/\/www.a-emotionallight.com\/es\/wp-json\/wp\/v2\/types\/page"}],"author":[{"embeddable":true,"href":"https:\/\/www.a-emotionallight.com\/es\/wp-json\/wp\/v2\/users\/2"}],"replies":[{"embeddable":true,"href":"https:\/\/www.a-emotionallight.com\/es\/wp-json\/wp\/v2\/comments?post=49852"}],"version-history":[{"count":3,"href":"https:\/\/www.a-emotionallight.com\/es\/wp-json\/wp\/v2\/pages\/49852\/revisions"}],"predecessor-version":[{"id":59262,"href":"https:\/\/www.a-emotionallight.com\/es\/wp-json\/wp\/v2\/pages\/49852\/revisions\/59262"}],"wp:featuredmedia":[{"embeddable":true,"href":"https:\/\/www.a-emotionallight.com\/es\/wp-json\/wp\/v2\/media\/50792"}],"wp:attachment":[{"href":"https:\/\/www.a-emotionallight.com\/es\/wp-json\/wp\/v2\/media?parent=49852"}],"curies":[{"name":"wp","href":"https:\/\/api.w.org\/{rel}","templated":true}]}}