{"id":50710,"date":"2023-04-13T10:01:40","date_gmt":"2023-04-13T10:01:40","guid":{"rendered":"https:\/\/www.a-emotionallight.com\/?page_id=50710"},"modified":"2024-02-05T18:30:44","modified_gmt":"2024-02-05T18:30:44","slug":"nuestro-manifiesto","status":"publish","type":"page","link":"https:\/\/www.a-emotionallight.com\/es\/nuestro-manifiesto\/","title":{"rendered":"nuestro manifiesto"},"content":{"rendered":"<section class=\"wpb-content-wrapper\"><p>[vc_row row_type=\u00bbrow\u00bb use_row_as_full_screen_section=\u00bbno\u00bb type=\u00bbfull_width\u00bb text_align=\u00bbleft\u00bb background_animation=\u00bbnone\u00bb css_animation=\u00bb\u00bb css=\u00bb.vc_custom_1621686068830{margin-right: 4% !important;margin-left: 4% !important;}\u00bb][vc_column css=\u00bb.vc_custom_1624117989496{background-position: center !important;background-repeat: no-repeat !important;background-size: contain !important;}\u00bb][vc_row_inner row_type=\u00bbrow\u00bb type=\u00bbfull_width\u00bb use_row_as_full_screen_section_slide=\u00bbno\u00bb text_align=\u00bbleft\u00bb css_animation=\u00bb\u00bb css=\u00bb.vc_custom_1681669151882{margin-top: 2% !important;margin-right: 4% !important;margin-left: 4% !important;}\u00bb][vc_column_inner css=\u00bb.vc_custom_1621524784022{padding-top: 3% !important;padding-right: 3% !important;padding-bottom: 3% !important;padding-left: 3% !important;}\u00bb][vc_separator type=\u00bbtransparent\u00bb border_style=\u00bb\u00bb up=\u00bb20&#8243;][vc_column_text el_class=\u00bb.banda_texto_geo_075&#8243;]<\/p>\n<h2 style=\"text-align: center;\">Nuestro manifiesto<em><br \/>\n<\/em><\/h2>\n<p>[\/vc_column_text][vc_separator type=\u00bbtransparent\u00bb border_style=\u00bb\u00bb up=\u00bb20&#8243;][vc_column_text el_class=\u00bb.banda_texto_geo_075&#8243;]<\/p>\n<p style=\"text-align: left;\">En <strong>a\u00b7emotional light<\/strong>, la emoci\u00f3n adquiere un valor propio. El valor de lo hecho a mano, de lo singular y lo exclusivo. Para nosotros, la luz es un medio para evocar emociones, igual que lo son la m\u00fasica o el arte. Esa visi\u00f3n es la que nos lleva a entender nuestros dise\u00f1os como creaciones de sastre, piezas confeccionadas individualmente y de forma artesanal, pensadas para iluminar espacios, personas y momentos.<\/p>\n<p>&nbsp;<\/p>\n<p style=\"text-align: left;\">La historia de <strong>a\u00b7emotional light<\/strong> est\u00e1 compuesta por luz, experimentaci\u00f3n y artesan\u00eda. Ubicado en el norte de Espa\u00f1a, durante m\u00e1s de 25 a\u00f1os nuestro taller funcion\u00f3 como laboratorio art\u00edstico. Es por eso por lo que desde el origen, nuestras l\u00e1mparas han buscado destacar con una identidad \u00fanica, capaz de sorprender y emocionar.<\/p>\n<p>&nbsp;<\/p>\n<p style=\"text-align: left;\">Como empresa nacida junto al Atl\u00e1ntico, <strong>a\u00b7emotional light<\/strong> ha crecido bajo la influencia de diversas culturas, consolidando un fuerte lazo con lo local, pero sin apartar la vista de lo que sucede fuera de nuestras fronteras. De nuestra tierra al mundo; del mundo a nuestra tierra. Esta filosof\u00eda transoce\u00e1nica, junto con el know-how artesanal de quienes, desde 1994, han dado forma a nuestras l\u00e1mparas, nos ha convertido en uno de los principales fabricantes de iluminaci\u00f3n decorativa, actualmente presente en m\u00e1s de 60 pa\u00edses.<\/p>\n<p>&nbsp;<\/p>\n<p style=\"text-align: left;\">Nuestra visi\u00f3n a largo plazo se centra en crear luminarias que perduren en el tiempo. Por eso, apostamos por dise\u00f1adores que compartan el reto de emocionar mediante la expresividad formal, material y funcional. La actualidad de <strong>a\u00b7emotional light<\/strong> es una evoluci\u00f3n, un aprendizaje contin\u00fao con nuevos agentes implicados en hacernos seguir explorando, creando y sorprendiendo mientras avanzamos hacia un horizonte de innovaci\u00f3n y vanguardia.<\/p>\n<p>[\/vc_column_text][\/vc_column_inner][\/vc_row_inner][\/vc_column][\/vc_row][vc_row row_type=\u00bbrow\u00bb use_row_as_full_screen_section=\u00bbyes\u00bb type=\u00bbfull_width\u00bb text_align=\u00bbleft\u00bb background_animation=\u00bbnone\u00bb css_animation=\u00bb\u00bb][vc_column width=\u00bb1\/4&#8243;][\/vc_column][vc_column width=\u00bb1\/2&#8243;][vc_single_image image=\u00bb50970&#8243; img_size=\u00bbfull\u00bb qode_css_animation=\u00bb\u00bb][\/vc_column][vc_column width=\u00bb1\/4&#8243;][\/vc_column][\/vc_row][vc_row row_type=\u00bbrow\u00bb use_row_as_full_screen_section=\u00bbno\u00bb type=\u00bbfull_width\u00bb text_align=\u00bbleft\u00bb background_animation=\u00bbnone\u00bb css_animation=\u00bb\u00bb][vc_column][\/vc_column][\/vc_row]<\/p>\n<\/section>","protected":false},"excerpt":{"rendered":"<p>[vc_row row_type=\u00bbrow\u00bb use_row_as_full_screen_section=\u00bbno\u00bb type=\u00bbfull_width\u00bb text_align=\u00bbleft\u00bb background_animation=\u00bbnone\u00bb css_animation=\u00bb\u00bb css=\u00bb.vc_custom_1621686068830{margin-right: 4% !important;margin-left: 4% !important;}\u00bb][vc_column css=\u00bb.vc_custom_1624117989496{background-position: center !important;background-repeat: no-repeat !important;background-size: contain !important;}\u00bb][vc_row_inner row_type=\u00bbrow\u00bb type=\u00bbfull_width\u00bb use_row_as_full_screen_section_slide=\u00bbno\u00bb text_align=\u00bbleft\u00bb css_animation=\u00bb\u00bb css=\u00bb.vc_custom_1681669151882{margin-top: 2% !important;margin-right: 4% !important;margin-left: 4% !important;}\u00bb][vc_column_inner css=\u00bb.vc_custom_1621524784022{padding-top: 3% !important;padding-right: 3% !important;padding-bottom: 3% !important;padding-left: 3% !important;}\u00bb][vc_separator type=\u00bbtransparent\u00bb border_style=\u00bb\u00bb up=\u00bb20&#8243;][vc_column_text el_class=\u00bb.banda_texto_geo_075&#8243;] Nuestro manifiesto [\/vc_column_text][vc_separator type=\u00bbtransparent\u00bb border_style=\u00bb\u00bb up=\u00bb20&#8243;][vc_column_text el_class=\u00bb.banda_texto_geo_075&#8243;] En a\u00b7emotional light, la emoci\u00f3n adquiere un valor propio. El valor de lo hecho a mano, de lo singular y lo exclusivo. Para nosotros, la luz es un medio para evocar emociones, igual que lo son la m\u00fasica o el arte. Esa visi\u00f3n es la que nos lleva a&#8230;<\/p>\n","protected":false},"author":2,"featured_media":0,"parent":0,"menu_order":0,"comment_status":"closed","ping_status":"closed","template":"full_width.php","meta":{"inline_featured_image":false,"footnotes":""},"aioseo_notices":[],"_links":{"self":[{"href":"https:\/\/www.a-emotionallight.com\/es\/wp-json\/wp\/v2\/pages\/50710"}],"collection":[{"href":"https:\/\/www.a-emotionallight.com\/es\/wp-json\/wp\/v2\/pages"}],"about":[{"href":"https:\/\/www.a-emotionallight.com\/es\/wp-json\/wp\/v2\/types\/page"}],"author":[{"embeddable":true,"href":"https:\/\/www.a-emotionallight.com\/es\/wp-json\/wp\/v2\/users\/2"}],"replies":[{"embeddable":true,"href":"https:\/\/www.a-emotionallight.com\/es\/wp-json\/wp\/v2\/comments?post=50710"}],"version-history":[{"count":13,"href":"https:\/\/www.a-emotionallight.com\/es\/wp-json\/wp\/v2\/pages\/50710\/revisions"}],"predecessor-version":[{"id":53542,"href":"https:\/\/www.a-emotionallight.com\/es\/wp-json\/wp\/v2\/pages\/50710\/revisions\/53542"}],"wp:attachment":[{"href":"https:\/\/www.a-emotionallight.com\/es\/wp-json\/wp\/v2\/media?parent=50710"}],"curies":[{"name":"wp","href":"https:\/\/api.w.org\/{rel}","templated":true}]}}